{"id":2789,"date":"2026-03-03T10:10:48","date_gmt":"2026-03-03T10:10:48","guid":{"rendered":"https:\/\/www.organigrama.com\/acceso-candidatos-as\/"},"modified":"2026-07-27T08:01:25","modified_gmt":"2026-07-27T08:01:25","slug":"acceso-candidatos-as","status":"publish","type":"page","link":"https:\/\/www.organigrama.com\/es\/acceso-candidatos-as\/","title":{"rendered":"Acceso candidatos\/as"},"content":{"rendered":"\n<h1 class=\"wp-block-heading\">\u00bfBuscas una nueva oportunidad profesional? \u00bfO quiz\u00e1s es el momento de realizar un cambio? <\/h1>\n\n\n\n<p class=\"wp-block-paragraph\">En Organigrama trabajamos con el portal de trabajo <strong>Infofeina<\/strong> para gestionar todos nuestros procesos de selecci\u00f3n. Esto significa que, si accedes a Infofeina desde aqu\u00ed, <strong>te incorporas autom\u00e1ticamente a nuestra bolsa de trabajo<\/strong> y empiezas a formar parte de nuestra comunidad de candidatos y candidatas. <\/p>\n\n\n\n<p class=\"wp-block-paragraph\">Una vez inscrito\/a, podr\u00e1s:<\/p>\n\n\n\n<ul class=\"wp-block-list\">\n<li>Recibir <strong>ofertas de trabajo adaptadas a tu perfil<\/strong> , seg\u00fan el \u00e1rea profesional y la zona geogr\u00e1fica que te interesen.<\/li>\n\n\n\n<li>Disponer de un <strong>espacio personal<\/strong> con usuario y contrase\u00f1a, en el que podr\u00e1s actualizar tus datos siempre que quieras.<\/li>\n\n\n\n<li><strong>Inscribirte f\u00e1cilmente<\/strong> en las ofertas que te llamen m\u00e1s la atenci\u00f3n y donde pienses que puedes encajar<\/li>\n<\/ul>\n\n\n\n<p class=\"wp-block-paragraph\">Te recomendamos que <strong>eches un vistazo a las ofertas de trabajo vigentes<\/strong> y te apuntes si encajan con lo que buscas.  <\/p>\n\n\n\n<p class=\"wp-block-paragraph\"><strong>\u00bfYa est\u00e1s registrado\/a en Infofeina?<br><\/strong>\u00a1Perfecto! S\u00f3lo tienes que inscribirte en una de nuestras ofertas y ya formar\u00e1s parte de la bolsa de trabajo de Organigrama. <\/p>\n\n\n\n<div class=\"wp-block-group is-layout-flow wp-container-core-group-is-layout-91bb8efc wp-block-group-is-layout-flow\" style=\"padding-top:var(--wp--preset--spacing--40);padding-right:0;padding-bottom:var(--wp--preset--spacing--40);padding-left:0\">\n<div class=\"wp-block-group is-layout-grid wp-container-core-group-is-layout-11cde5ad wp-block-group-is-layout-grid\" style=\"padding-right:0;padding-left:0\">\n<div class=\"wp-block-group has-tertiary-background-color has-background is-vertical is-layout-flex wp-container-core-group-is-layout-a3c1773a wp-block-group-is-layout-flex\" style=\"padding-top:var(--wp--preset--spacing--30);padding-right:var(--wp--preset--spacing--30);padding-bottom:var(--wp--preset--spacing--30);padding-left:var(--wp--preset--spacing--30)\">\n<div class=\"wp-block-group has-global-padding is-layout-constrained wp-container-core-group-is-layout-224c2404 wp-block-group-is-layout-constrained\">\n<div class=\"wp-block-group is-layout-grid wp-container-core-group-is-layout-206aa153 wp-block-group-is-layout-grid\">\n<figure class=\"wp-block-image size-full\"><img loading=\"lazy\" decoding=\"async\" width=\"200\" height=\"200\" src=\"https:\/\/www.organigrama.com\/wp-content\/uploads\/icono-1-1.png\" alt=\"\" class=\"wp-image-3382\" srcset=\"https:\/\/www.organigrama.com\/wp-content\/uploads\/icono-1-1.png 200w, https:\/\/www.organigrama.com\/wp-content\/uploads\/icono-1-1-150x150.png 150w\" sizes=\"auto, (max-width: 200px) 100vw, 200px\" \/><\/figure>\n\n\n\n<h3 class=\"wp-block-heading has-text-align-left has-primary-color has-text-color has-link-color wp-elements-9cff3751c294f09fbc6652d1d934055a wp-container-content-d45f1063\">Env\u00edanos tu curr\u00edculum<\/h3>\n<\/div>\n\n\n\n<p class=\"has-text-align-left wp-block-paragraph\">Date de alta en la bolsa de trabajo de Organigrama, vinculada al portal Infofeina.<\/p>\n<\/div>\n\n\n\n<div class=\"wp-block-buttons 100-smph is-layout-flex wp-block-buttons-is-layout-flex\">\n<div class=\"wp-block-button is-style-outline is-style-outline--1\"><a class=\"wp-block-button__link wp-element-button\" href=\"https:\/\/www.infofeina.com\/candidat\/nou-perfil\">VISITAR<\/a><\/div>\n<\/div>\n<\/div>\n\n\n\n<div class=\"wp-block-group has-tertiary-background-color has-background is-vertical is-layout-flex wp-container-core-group-is-layout-a3c1773a wp-block-group-is-layout-flex\" style=\"padding-top:var(--wp--preset--spacing--30);padding-right:var(--wp--preset--spacing--30);padding-bottom:var(--wp--preset--spacing--30);padding-left:var(--wp--preset--spacing--30)\">\n<div class=\"wp-block-group has-global-padding is-layout-constrained wp-container-core-group-is-layout-11570125 wp-block-group-is-layout-constrained\" style=\"padding-top:0;padding-bottom:0\">\n<div class=\"wp-block-group is-layout-grid wp-container-core-group-is-layout-206aa153 wp-block-group-is-layout-grid\">\n<figure class=\"wp-block-image size-full\"><img loading=\"lazy\" decoding=\"async\" width=\"200\" height=\"200\" src=\"https:\/\/www.organigrama.com\/wp-content\/uploads\/icono-2.png\" alt=\"\" class=\"wp-image-3381\" srcset=\"https:\/\/www.organigrama.com\/wp-content\/uploads\/icono-2.png 200w, https:\/\/www.organigrama.com\/wp-content\/uploads\/icono-2-150x150.png 150w\" sizes=\"auto, (max-width: 200px) 100vw, 200px\" \/><\/figure>\n\n\n\n<h3 class=\"wp-block-heading has-text-align-left has-primary-color has-text-color has-link-color wp-elements-daa0e0ac86561910e98c0c711da149b9 wp-container-content-d45f1063\">Recibe ofertas de trabajo<\/h3>\n<\/div>\n\n\n\n<p class=\"has-text-align-left wp-block-paragraph\">Recibir\u00e1s en tu correo las ofertas de trabajo que te interesen. Date de alta desde aqu\u00ed. <\/p>\n<\/div>\n\n\n\n<div class=\"wp-block-buttons 100-smph is-layout-flex wp-block-buttons-is-layout-flex\">\n<div class=\"wp-block-button is-style-outline is-style-outline--2\"><a class=\"wp-block-button__link wp-element-button\" href=\"https:\/\/www.infofeina.com\/candidat\/nou-perfil\">VISITAR<\/a><\/div>\n<\/div>\n<\/div>\n\n\n\n<div class=\"wp-block-group has-tertiary-background-color has-background is-vertical is-layout-flex wp-container-core-group-is-layout-a3c1773a wp-block-group-is-layout-flex\" style=\"padding-top:var(--wp--preset--spacing--30);padding-right:var(--wp--preset--spacing--30);padding-bottom:var(--wp--preset--spacing--30);padding-left:var(--wp--preset--spacing--30)\">\n<div class=\"wp-block-group has-global-padding is-layout-constrained wp-container-core-group-is-layout-11570125 wp-block-group-is-layout-constrained\" style=\"padding-top:0;padding-bottom:0\">\n<div class=\"wp-block-group is-layout-grid wp-container-core-group-is-layout-206aa153 wp-block-group-is-layout-grid\">\n<figure class=\"wp-block-image size-full\"><img loading=\"lazy\" decoding=\"async\" width=\"200\" height=\"200\" src=\"https:\/\/www.organigrama.com\/wp-content\/uploads\/icono-1.png\" alt=\"\" class=\"wp-image-3379\" srcset=\"https:\/\/www.organigrama.com\/wp-content\/uploads\/icono-1.png 200w, https:\/\/www.organigrama.com\/wp-content\/uploads\/icono-1-150x150.png 150w\" sizes=\"auto, (max-width: 200px) 100vw, 200px\" \/><\/figure>\n\n\n\n<h3 class=\"wp-block-heading has-text-align-left has-primary-color has-text-color has-link-color wp-elements-554f345f172c9a74ea424314296b5c11 wp-container-content-d45f1063\">Consulta las ofertas de trabajo<\/h3>\n<\/div>\n\n\n\n<p class=\"has-text-align-left wp-block-paragraph\">Consulta todas las ofertas vigentes con el buscador de trabajos.<\/p>\n<\/div>\n\n\n\n<div class=\"wp-block-buttons 100-smph is-layout-flex wp-block-buttons-is-layout-flex\">\n<div class=\"wp-block-button is-style-outline is-style-outline--3\"><a class=\"wp-block-button__link wp-element-button\" href=\"https:\/\/www.organigrama.com\/es\/ofertas\/\">LISTADO DE OFERTAS<\/a><\/div>\n<\/div>\n<\/div>\n<\/div>\n<\/div>\n\n\n\n<div class=\"wp-block-group alignfull has-tertiary-background-color has-background has-global-padding is-layout-constrained wp-container-core-group-is-layout-8e206b6c wp-block-group-is-layout-constrained\" style=\"padding-top:var(--wp--preset--spacing--40);padding-bottom:var(--wp--preset--spacing--40)\">\n<div class=\"wp-block-group has-global-padding is-layout-constrained wp-container-core-group-is-layout-45cce92b wp-block-group-is-layout-constrained\">\n<div class=\"wp-block-group has-global-padding is-layout-constrained wp-container-core-group-is-layout-21e43158 wp-block-group-is-layout-constrained\">\n<p class=\"has-text-align-center has-large-font-size wp-block-paragraph\">Formar parte de la <strong>bolsa de trabajo de Organigrama<\/strong> es mucho m\u00e1s que inscribirte en una oferta:  <\/p>\n\n\n\n<hr class=\"wp-block-separator has-text-color has-primary-color has-alpha-channel-opacity has-primary-background-color has-background\"\/>\n<\/div>\n\n\n\n<p class=\"has-text-align-center has-large-font-size wp-block-paragraph\" style=\"margin-right:0\">Es empezar una conversaci\u00f3n sobre tu futuro profesional.<\/p>\n<\/div>\n\n\n\n<div class=\"wp-block-group has-background-background-color has-background is-content-justification-center is-layout-flex wp-container-core-group-is-layout-86a5af34 wp-block-group-is-layout-flex\" style=\"border-top-left-radius:10px;border-top-right-radius:10px;border-bottom-left-radius:10px;border-bottom-right-radius:10px;padding-top:var(--wp--preset--spacing--20);padding-right:var(--wp--preset--spacing--20);padding-bottom:var(--wp--preset--spacing--20);padding-left:var(--wp--preset--spacing--20)\">\n<div class=\"wp-block-group wp-container-content-f22b2ade is-vertical is-content-justification-center is-layout-flex wp-container-core-group-is-layout-5164d839 wp-block-group-is-layout-flex\" style=\"padding-top:var(--wp--preset--spacing--40);padding-right:var(--wp--preset--spacing--40);padding-bottom:var(--wp--preset--spacing--40);padding-left:var(--wp--preset--spacing--40)\">\n<p class=\"has-text-align-center has-primary-color has-text-color has-link-color wp-elements-bdb123bea3f24b4a823555223e3a8f4b wp-block-paragraph\" style=\"font-size:clamp(1.039rem, 1.039rem + ((1vw - 0.2rem) * 0.701), 1.6rem);\"><strong>Echa un vistazo a las ofertas vigentes.<\/strong> <strong>Tu pr\u00f3ximo paso puede empezar aqu\u00ed.<\/strong><\/p>\n\n\n\n<div class=\"wp-block-buttons 100-smph is-content-justification-center is-layout-flex wp-container-core-buttons-is-layout-c0bc9f7e wp-block-buttons-is-layout-flex\">\n<div class=\"wp-block-button is-style-outline is-style-outline--4\"><a class=\"wp-block-button__link wp-element-button\" href=\"https:\/\/www.organigrama.com\/es\/ofertas\/\">LISTADO DE OFERTAS<\/a><\/div>\n<\/div>\n<\/div>\n\n\n\n<figure class=\"wp-block-image size-medium has-custom-border\"><img loading=\"lazy\" decoding=\"async\" width=\"450\" height=\"338\" src=\"https:\/\/www.organigrama.com\/wp-content\/uploads\/ChatGPT-Image-29-may-2026-10_19_24-450x338.png\" alt=\"\" class=\"wp-image-3259\" style=\"border-top-left-radius:10px;border-top-right-radius:10px;border-bottom-left-radius:10px;border-bottom-right-radius:10px\" srcset=\"https:\/\/www.organigrama.com\/wp-content\/uploads\/ChatGPT-Image-29-may-2026-10_19_24-450x338.png 450w, https:\/\/www.organigrama.com\/wp-content\/uploads\/ChatGPT-Image-29-may-2026-10_19_24-1024x768.png 1024w, https:\/\/www.organigrama.com\/wp-content\/uploads\/ChatGPT-Image-29-may-2026-10_19_24-768x576.png 768w, https:\/\/www.organigrama.com\/wp-content\/uploads\/ChatGPT-Image-29-may-2026-10_19_24.png 1448w\" sizes=\"auto, (max-width: 450px) 100vw, 450px\" \/><\/figure>\n<\/div>\n<\/div>\n","protected":false},"excerpt":{"rendered":"<p>\u00bfBuscas una nueva oportunidad profesional? \u00bfO quiz\u00e1s es el momento de realizar un cambio? En Organigrama trabajamos con el portal de trabajo Infofeina para gestionar todos nuestros procesos de selecci\u00f3n. Esto significa que, si accedes a Infofeina desde aqu\u00ed, te incorporas autom\u00e1ticamente a nuestra bolsa de trabajo y empiezas a formar parte de nuestra comunidad [&hellip;]<\/p>\n","protected":false},"author":1,"featured_media":0,"parent":0,"menu_order":0,"comment_status":"closed","ping_status":"closed","template":"page-with-title","meta":{"footnotes":""},"class_list":["post-2789","page","type-page","status-publish","hentry"],"yoast_head":"<!-- This site is optimized with the Yoast SEO plugin v28.1 - https:\/\/yoast.com\/product\/yoast-seo-wordpress\/ -->\n<title>Acceso Candidatos | \u00danete a la Bolsa de Trabajo de Organigrama<\/title>\n<meta name=\"description\" content=\"Reg\u00edstrate en la bolsa de trabajo de Organigrama a trav\u00e9s de Infofeina y recibe ofertas de trabajo adaptadas a tu perfil profesional.\" \/>\n<meta name=\"robots\" content=\"index, follow, max-snippet:-1, max-image-preview:large, max-video-preview:-1\" \/>\n<link rel=\"canonical\" href=\"https:\/\/www.organigrama.com\/es\/acceso-candidatos-as\/\" \/>\n<meta property=\"og:locale\" content=\"es_ES\" \/>\n<meta property=\"og:type\" content=\"article\" \/>\n<meta property=\"og:title\" content=\"Acceso Candidatos | \u00danete a la Bolsa de Trabajo de Organigrama\" \/>\n<meta property=\"og:description\" content=\"Reg\u00edstrate en la bolsa de trabajo de Organigrama a trav\u00e9s de Infofeina y recibe ofertas de trabajo adaptadas a tu perfil profesional.\" \/>\n<meta property=\"og:url\" content=\"https:\/\/www.organigrama.com\/es\/acceso-candidatos-as\/\" \/>\n<meta property=\"og:site_name\" content=\"Organigrama\" \/>\n<meta property=\"article:publisher\" content=\"https:\/\/www.facebook.com\/organigramagrup\" \/>\n<meta property=\"article:modified_time\" content=\"2026-07-27T08:01:25+00:00\" \/>\n<meta property=\"og:image\" content=\"https:\/\/www.organigrama.com\/wp-content\/uploads\/icono-1-1.png\" \/>\n\t<meta property=\"og:image:width\" content=\"200\" \/>\n\t<meta property=\"og:image:height\" content=\"200\" \/>\n\t<meta property=\"og:image:type\" content=\"image\/png\" \/>\n<meta name=\"twitter:card\" content=\"summary_large_image\" \/>\n<meta name=\"twitter:site\" content=\"@gruporganigrama\" \/>\n<meta name=\"twitter:label1\" content=\"Tiempo de lectura\" \/>\n\t<meta name=\"twitter:data1\" content=\"1 minuto\" \/>\n<script type=\"application\/ld+json\" class=\"yoast-schema-graph\">{\"@context\":\"https:\\\/\\\/schema.org\",\"@graph\":[{\"@type\":\"WebPage\",\"@id\":\"https:\\\/\\\/www.organigrama.com\\\/es\\\/acceso-candidatos-as\\\/\",\"url\":\"https:\\\/\\\/www.organigrama.com\\\/es\\\/acceso-candidatos-as\\\/\",\"name\":\"Acceso Candidatos | \u00danete a la Bolsa de Trabajo de Organigrama\",\"isPartOf\":{\"@id\":\"https:\\\/\\\/www.organigrama.com\\\/es\\\/#website\"},\"primaryImageOfPage\":{\"@id\":\"https:\\\/\\\/www.organigrama.com\\\/es\\\/acceso-candidatos-as\\\/#primaryimage\"},\"image\":{\"@id\":\"https:\\\/\\\/www.organigrama.com\\\/es\\\/acceso-candidatos-as\\\/#primaryimage\"},\"thumbnailUrl\":\"https:\\\/\\\/www.organigrama.com\\\/wp-content\\\/uploads\\\/icono-1-1.png\",\"datePublished\":\"2026-03-03T10:10:48+00:00\",\"dateModified\":\"2026-07-27T08:01:25+00:00\",\"description\":\"Reg\u00edstrate en la bolsa de trabajo de Organigrama a trav\u00e9s de Infofeina y recibe ofertas de trabajo adaptadas a tu perfil profesional.\",\"breadcrumb\":{\"@id\":\"https:\\\/\\\/www.organigrama.com\\\/es\\\/acceso-candidatos-as\\\/#breadcrumb\"},\"inLanguage\":\"es\",\"potentialAction\":[{\"@type\":\"ReadAction\",\"target\":[\"https:\\\/\\\/www.organigrama.com\\\/es\\\/acceso-candidatos-as\\\/\"]}]},{\"@type\":\"ImageObject\",\"inLanguage\":\"es\",\"@id\":\"https:\\\/\\\/www.organigrama.com\\\/es\\\/acceso-candidatos-as\\\/#primaryimage\",\"url\":\"https:\\\/\\\/www.organigrama.com\\\/wp-content\\\/uploads\\\/icono-1-1.png\",\"contentUrl\":\"https:\\\/\\\/www.organigrama.com\\\/wp-content\\\/uploads\\\/icono-1-1.png\"},{\"@type\":\"BreadcrumbList\",\"@id\":\"https:\\\/\\\/www.organigrama.com\\\/es\\\/acceso-candidatos-as\\\/#breadcrumb\",\"itemListElement\":[{\"@type\":\"ListItem\",\"position\":1,\"name\":\"Inici\",\"item\":\"https:\\\/\\\/www.organigrama.com\\\/es\\\/\"},{\"@type\":\"ListItem\",\"position\":2,\"name\":\"Acceso candidatos\\\/as\"}]},{\"@type\":\"WebSite\",\"@id\":\"https:\\\/\\\/www.organigrama.com\\\/es\\\/#website\",\"url\":\"https:\\\/\\\/www.organigrama.com\\\/es\\\/\",\"name\":\"Organigrama\",\"description\":\"L&#039;Especialitzaci\u00f3 en Recursos Humans\",\"publisher\":{\"@id\":\"https:\\\/\\\/www.organigrama.com\\\/es\\\/#organization\"},\"potentialAction\":[{\"@type\":\"SearchAction\",\"target\":{\"@type\":\"EntryPoint\",\"urlTemplate\":\"https:\\\/\\\/www.organigrama.com\\\/es\\\/?s={search_term_string}\"},\"query-input\":{\"@type\":\"PropertyValueSpecification\",\"valueRequired\":true,\"valueName\":\"search_term_string\"}}],\"inLanguage\":\"es\"},{\"@type\":\"Organization\",\"@id\":\"https:\\\/\\\/www.organigrama.com\\\/es\\\/#organization\",\"name\":\"Organigrama\",\"url\":\"https:\\\/\\\/www.organigrama.com\\\/es\\\/\",\"logo\":{\"@type\":\"ImageObject\",\"inLanguage\":\"es\",\"@id\":\"https:\\\/\\\/www.organigrama.com\\\/es\\\/#\\\/schema\\\/logo\\\/image\\\/\",\"url\":\"https:\\\/\\\/www.organigrama.com\\\/wp-content\\\/uploads\\\/2025\\\/07\\\/uploads_images_164x70_c_logo.png\",\"contentUrl\":\"https:\\\/\\\/www.organigrama.com\\\/wp-content\\\/uploads\\\/2025\\\/07\\\/uploads_images_164x70_c_logo.png\",\"width\":164,\"height\":70,\"caption\":\"Organigrama\"},\"image\":{\"@id\":\"https:\\\/\\\/www.organigrama.com\\\/es\\\/#\\\/schema\\\/logo\\\/image\\\/\"},\"sameAs\":[\"https:\\\/\\\/www.facebook.com\\\/organigramagrup\",\"https:\\\/\\\/x.com\\\/gruporganigrama\",\"https:\\\/\\\/www.linkedin.com\\\/company\\\/organigrama-slu\\\/\"]}]}<\/script>\n<!-- \/ Yoast SEO plugin. -->","yoast_head_json":{"title":"Acceso Candidatos | \u00danete a la Bolsa de Trabajo de Organigrama","description":"Reg\u00edstrate en la bolsa de trabajo de Organigrama a trav\u00e9s de Infofeina y recibe ofertas de trabajo adaptadas a tu perfil profesional.","robots":{"index":"index","follow":"follow","max-snippet":"max-snippet:-1","max-image-preview":"max-image-preview:large","max-video-preview":"max-video-preview:-1"},"canonical":"https:\/\/www.organigrama.com\/es\/acceso-candidatos-as\/","og_locale":"es_ES","og_type":"article","og_title":"Acceso Candidatos | \u00danete a la Bolsa de Trabajo de Organigrama","og_description":"Reg\u00edstrate en la bolsa de trabajo de Organigrama a trav\u00e9s de Infofeina y recibe ofertas de trabajo adaptadas a tu perfil profesional.","og_url":"https:\/\/www.organigrama.com\/es\/acceso-candidatos-as\/","og_site_name":"Organigrama","article_publisher":"https:\/\/www.facebook.com\/organigramagrup","article_modified_time":"2026-07-27T08:01:25+00:00","og_image":[{"width":200,"height":200,"url":"https:\/\/www.organigrama.com\/wp-content\/uploads\/icono-1-1.png","type":"image\/png"}],"twitter_card":"summary_large_image","twitter_site":"@gruporganigrama","twitter_misc":{"Tiempo de lectura":"1 minuto"},"schema":{"@context":"https:\/\/schema.org","@graph":[{"@type":"WebPage","@id":"https:\/\/www.organigrama.com\/es\/acceso-candidatos-as\/","url":"https:\/\/www.organigrama.com\/es\/acceso-candidatos-as\/","name":"Acceso Candidatos | \u00danete a la Bolsa de Trabajo de Organigrama","isPartOf":{"@id":"https:\/\/www.organigrama.com\/es\/#website"},"primaryImageOfPage":{"@id":"https:\/\/www.organigrama.com\/es\/acceso-candidatos-as\/#primaryimage"},"image":{"@id":"https:\/\/www.organigrama.com\/es\/acceso-candidatos-as\/#primaryimage"},"thumbnailUrl":"https:\/\/www.organigrama.com\/wp-content\/uploads\/icono-1-1.png","datePublished":"2026-03-03T10:10:48+00:00","dateModified":"2026-07-27T08:01:25+00:00","description":"Reg\u00edstrate en la bolsa de trabajo de Organigrama a trav\u00e9s de Infofeina y recibe ofertas de trabajo adaptadas a tu perfil profesional.","breadcrumb":{"@id":"https:\/\/www.organigrama.com\/es\/acceso-candidatos-as\/#breadcrumb"},"inLanguage":"es","potentialAction":[{"@type":"ReadAction","target":["https:\/\/www.organigrama.com\/es\/acceso-candidatos-as\/"]}]},{"@type":"ImageObject","inLanguage":"es","@id":"https:\/\/www.organigrama.com\/es\/acceso-candidatos-as\/#primaryimage","url":"https:\/\/www.organigrama.com\/wp-content\/uploads\/icono-1-1.png","contentUrl":"https:\/\/www.organigrama.com\/wp-content\/uploads\/icono-1-1.png"},{"@type":"BreadcrumbList","@id":"https:\/\/www.organigrama.com\/es\/acceso-candidatos-as\/#breadcrumb","itemListElement":[{"@type":"ListItem","position":1,"name":"Inici","item":"https:\/\/www.organigrama.com\/es\/"},{"@type":"ListItem","position":2,"name":"Acceso candidatos\/as"}]},{"@type":"WebSite","@id":"https:\/\/www.organigrama.com\/es\/#website","url":"https:\/\/www.organigrama.com\/es\/","name":"Organigrama","description":"L&#039;Especialitzaci\u00f3 en Recursos Humans","publisher":{"@id":"https:\/\/www.organigrama.com\/es\/#organization"},"potentialAction":[{"@type":"SearchAction","target":{"@type":"EntryPoint","urlTemplate":"https:\/\/www.organigrama.com\/es\/?s={search_term_string}"},"query-input":{"@type":"PropertyValueSpecification","valueRequired":true,"valueName":"search_term_string"}}],"inLanguage":"es"},{"@type":"Organization","@id":"https:\/\/www.organigrama.com\/es\/#organization","name":"Organigrama","url":"https:\/\/www.organigrama.com\/es\/","logo":{"@type":"ImageObject","inLanguage":"es","@id":"https:\/\/www.organigrama.com\/es\/#\/schema\/logo\/image\/","url":"https:\/\/www.organigrama.com\/wp-content\/uploads\/2025\/07\/uploads_images_164x70_c_logo.png","contentUrl":"https:\/\/www.organigrama.com\/wp-content\/uploads\/2025\/07\/uploads_images_164x70_c_logo.png","width":164,"height":70,"caption":"Organigrama"},"image":{"@id":"https:\/\/www.organigrama.com\/es\/#\/schema\/logo\/image\/"},"sameAs":["https:\/\/www.facebook.com\/organigramagrup","https:\/\/x.com\/gruporganigrama","https:\/\/www.linkedin.com\/company\/organigrama-slu\/"]}]}},"_links":{"self":[{"href":"https:\/\/www.organigrama.com\/es\/wp-json\/wp\/v2\/pages\/2789","targetHints":{"allow":["GET"]}}],"collection":[{"href":"https:\/\/www.organigrama.com\/es\/wp-json\/wp\/v2\/pages"}],"about":[{"href":"https:\/\/www.organigrama.com\/es\/wp-json\/wp\/v2\/types\/page"}],"author":[{"embeddable":true,"href":"https:\/\/www.organigrama.com\/es\/wp-json\/wp\/v2\/users\/1"}],"replies":[{"embeddable":true,"href":"https:\/\/www.organigrama.com\/es\/wp-json\/wp\/v2\/comments?post=2789"}],"version-history":[{"count":39,"href":"https:\/\/www.organigrama.com\/es\/wp-json\/wp\/v2\/pages\/2789\/revisions"}],"predecessor-version":[{"id":3556,"href":"https:\/\/www.organigrama.com\/es\/wp-json\/wp\/v2\/pages\/2789\/revisions\/3556"}],"wp:attachment":[{"href":"https:\/\/www.organigrama.com\/es\/wp-json\/wp\/v2\/media?parent=2789"}],"curies":[{"name":"wp","href":"https:\/\/api.w.org\/{rel}","templated":true}]}}