{"id":2795,"date":"2025-08-06T14:26:54","date_gmt":"2025-08-06T14:26:54","guid":{"rendered":"https:\/\/www.organigrama.com\/inicio\/"},"modified":"2026-08-26T11:18:56","modified_gmt":"2026-08-26T11:18:56","slug":"inicio","status":"publish","type":"page","link":"https:\/\/www.organigrama.com\/es\/","title":{"rendered":"Inicio"},"content":{"rendered":"\n<div class=\"wp-block-group alignfull has-global-padding is-layout-constrained wp-container-core-group-is-layout-1d6d875b wp-block-group-is-layout-constrained\">\n<div class=\"wp-block-group alignfull has-global-padding is-content-justification-left is-layout-constrained wp-container-core-group-is-layout-73854513 wp-block-group-is-layout-constrained has-background\" style=\"padding-top:var(--wp--preset--spacing--50);padding-bottom:var(--wp--preset--spacing--50);background-image:url(&apos;https:\/\/www.organigrama.com\/wp-content\/uploads\/img-background.png&apos;);background-position:74% 46%;background-size:cover;\">\n<div class=\"wp-block-group has-background has-global-padding is-layout-constrained wp-container-core-group-is-layout-70c13a44 wp-block-group-is-layout-constrained\" style=\"background-color:#ffffff96;min-height:0px;padding-top:var(--wp--preset--spacing--40);padding-right:var(--wp--preset--spacing--40);padding-bottom:var(--wp--preset--spacing--40);padding-left:var(--wp--preset--spacing--40)\">\n<h1 class=\"wp-block-heading has-text-align-left has-xx-large-font-size\" style=\"font-style:normal;font-weight:100\">SOLUCIONE TODAS SUS NECESIDADES DE PERSONAL CON UN \u00daNICO INTERLOCUTOR<\/h1>\n\n\n\n<h2 class=\"wp-block-heading has-text-align-left has-large-font-size\">RECURSOS HUMANOS CON EXPERIENCIA, PROXIMIDAD Y RESULTADOS<\/h2>\n<\/div>\n<\/div>\n\n\n\n<div class=\"wp-block-group alignfull has-secondary-background-color has-background is-horizontal is-content-justification-center is-layout-flex wp-container-core-group-is-layout-2552be71 wp-block-group-is-layout-flex\" style=\"margin-top:0;margin-bottom:0;padding-top:var(--wp--preset--spacing--20);padding-right:var(--wp--preset--spacing--20);padding-bottom:var(--wp--preset--spacing--20);padding-left:var(--wp--preset--spacing--20)\">\n<p class=\"has-small-font-size wp-block-paragraph\">DESCUBRE EN QU\u00c9 OS PODEMOS AYUDAR<\/p>\n\n\n\n<div class=\"wp-block-buttons is-layout-flex wp-block-buttons-is-layout-flex\">\n<div class=\"wp-block-button\"><a class=\"wp-block-button__link has-background-background-color has-background wp-element-button\" href=\"https:\/\/www.organigrama.com\/es\/contacto\/\">CONTACTE CON NOSOTROS<\/a><\/div>\n<\/div>\n<\/div>\n<\/div>\n\n<div class=\"wp-block-group has-global-padding is-layout-constrained wp-container-core-group-is-layout-e4676083 wp-block-group-is-layout-constrained\" style=\"padding-top:var(--wp--preset--spacing--40);padding-bottom:var(--wp--preset--spacing--40)\">\n<h2 class=\"wp-block-heading has-text-align-center\">Servicios que le ofrecemos<\/h2>\n\n\n\n<hr class=\"wp-block-separator has-text-color has-foreground-color has-alpha-channel-opacity has-foreground-background-color has-background\"\/>\n\n\n\n<div class=\"wp-block-group is-layout-grid wp-container-core-group-is-layout-206aa153 wp-block-group-is-layout-grid\">\n<div class=\"wp-block-group is-vertical is-layout-flex wp-container-core-group-is-layout-e4b376c3 wp-block-group-is-layout-flex\" style=\"padding-top:var(--wp--preset--spacing--20);padding-right:var(--wp--preset--spacing--30);padding-bottom:var(--wp--preset--spacing--20);padding-left:var(--wp--preset--spacing--30)\">\n<div class=\"wp-block-group has-global-padding is-layout-constrained wp-container-core-group-is-layout-224c2404 wp-block-group-is-layout-constrained\">\n<h3 class=\"wp-block-heading has-text-align-left has-primary-color has-text-color has-link-color wp-elements-9d94c5febfe02167de4caf1f9f75f2c1\"><a href=\"https:\/\/www.organigrama.com\/es\/seleccion-de-personal\/\">Selecci\u00f3n de personal<\/a><\/h3>\n\n\n\n<p class=\"has-text-align-left wp-block-paragraph\"><strong>Podemos gestionar sus procesos de selecci\u00f3n de principio a fin.<\/strong><\/p>\n\n\n\n<p class=\"has-text-align-left wp-block-paragraph\">Durante m\u00e1s de 30 a\u00f1os, hemos evaluado m\u00e1s de 150.000 candidaturas para m\u00e1s de 20.000 procesos, siempre con la voluntad de generar encajes s\u00f3lidos y coherentes, velando tanto por las necesidades de la empresa como por el desarrollo profesional de cada candidato\/a. \u00bfAnalizamos su caso? <\/p>\n<\/div>\n\n\n\n<div class=\"wp-block-buttons 100-smph is-layout-flex wp-block-buttons-is-layout-flex\">\n<div class=\"wp-block-button is-style-outline is-style-outline--1\"><a class=\"wp-block-button__link wp-element-button\" href=\"https:\/\/www.organigrama.com\/es\/seleccion-de-personal\/\">\u00bfEMPEZAMOS? DESCUBRE NUESTRO SERVICIO DE SELECCI\u00d3N <\/a><\/div>\n<\/div>\n<\/div>\n\n\n\n<div class=\"wp-block-group is-vertical is-layout-flex wp-container-core-group-is-layout-e4b376c3 wp-block-group-is-layout-flex\" style=\"padding-top:var(--wp--preset--spacing--20);padding-right:var(--wp--preset--spacing--30);padding-bottom:var(--wp--preset--spacing--20);padding-left:var(--wp--preset--spacing--30)\">\n<div class=\"wp-block-group has-global-padding is-layout-constrained wp-container-core-group-is-layout-11570125 wp-block-group-is-layout-constrained\" style=\"padding-top:0;padding-bottom:0\">\n<h3 class=\"wp-block-heading has-text-align-left has-primary-color has-text-color has-link-color wp-elements-6e741a6462451934f3bae4056852d086\"><a href=\"https:\/\/www.organigrama.com\/es\/headhunting\/\">Headhunting<\/a><\/h3>\n\n\n\n<p class=\"has-text-align-left wp-block-paragraph\">Para sitios de relevancia o de alto impacto, utilizamos <strong>t\u00e9cnicas de headhunting para buscar candidatos\/as m\u00e1s all\u00e1 de los canales tradicionales.<\/strong> <\/p>\n\n\n\n<p class=\"has-text-align-left wp-block-paragraph\">Explorando el mercado laboral y nuestra red, identificamos y conectamos con personas que pueden marcar la diferencia en su organizaci\u00f3n.<\/p>\n<\/div>\n\n\n\n<div class=\"wp-block-buttons 100-smph is-layout-flex wp-block-buttons-is-layout-flex\">\n<div class=\"wp-block-button is-style-outline is-style-outline--2\"><a class=\"wp-block-button__link wp-element-button\" href=\"https:\/\/www.organigrama.com\/es\/headhunting\/\">ENCUENTRE LA PERSONA QUE NECESITA<\/a><\/div>\n<\/div>\n<\/div>\n\n\n\n<div class=\"wp-block-group is-vertical is-layout-flex wp-container-core-group-is-layout-e4b376c3 wp-block-group-is-layout-flex\" style=\"padding-top:var(--wp--preset--spacing--20);padding-right:var(--wp--preset--spacing--30);padding-bottom:var(--wp--preset--spacing--20);padding-left:var(--wp--preset--spacing--30)\">\n<div class=\"wp-block-group has-global-padding is-layout-constrained wp-container-core-group-is-layout-11570125 wp-block-group-is-layout-constrained\" style=\"padding-top:0;padding-bottom:0\">\n<h3 class=\"wp-block-heading has-text-align-left has-primary-color has-text-color has-link-color wp-elements-87853a2dc8a996de86a5bfd9a58dcfef\"><a href=\"https:\/\/www.organigrama.com\/es\/evaluacion-de-candidatos\/\">EVALUACI\u00d3N DE PERSONAL<\/a><\/h3>\n\n\n\n<p class=\"has-text-align-left wp-block-paragraph\">Nuestro Servicio de Evaluaci\u00f3n de Candidatos permite conocer en profundidad el perfil profesional y personal de cada persona, tanto en procesos de selecci\u00f3n como en promociones internas.  <\/p>\n\n\n\n<p class=\"has-text-align-left wp-block-paragraph\">Mediante entrevistas especializadas y pruebas psicot\u00e9cnicas adaptadas a cada puesto de trabajo, evaluamos aspectos como la <strong>personalidad, las aptitudes, la motivaci\u00f3n, las competencias y la estabilidad emocional<\/strong> .<\/p>\n<\/div>\n\n\n\n<div class=\"wp-block-buttons 100-smph is-layout-flex wp-block-buttons-is-layout-flex\">\n<div class=\"wp-block-button is-style-outline is-style-outline--3\"><a class=\"wp-block-button__link wp-element-button\" href=\"https:\/\/www.organigrama.com\/es\/evaluacion-de-candidatos\/\">\u00bfOS AYUDAMOS A DECIDIR MEJOR?<\/a><\/div>\n<\/div>\n<\/div>\n\n\n\n<div class=\"wp-block-group is-vertical is-layout-flex wp-container-core-group-is-layout-e4b376c3 wp-block-group-is-layout-flex\" style=\"padding-top:var(--wp--preset--spacing--20);padding-right:var(--wp--preset--spacing--30);padding-bottom:var(--wp--preset--spacing--20);padding-left:var(--wp--preset--spacing--30)\">\n<div class=\"wp-block-group has-global-padding is-layout-constrained wp-container-core-group-is-layout-11570125 wp-block-group-is-layout-constrained\" style=\"padding-top:0;padding-bottom:0\">\n<h3 class=\"wp-block-heading has-text-align-left has-primary-color has-text-color has-link-color wp-elements-88c3d508c8e0e35869eb3a529b787b88\"><a href=\"https:\/\/www.organigrama.com\/es\/pruebas-psicotecnicas-cuerpo-de-policia-local\/\">Pruebas psicot\u00e9cnicas \u2013 Cuerpo de polic\u00eda local<\/a><\/h3>\n\n\n\n<p class=\"has-text-align-left wp-block-paragraph\">En <strong>Organigrama<\/strong> ofrecemos servicios de <strong>evaluaci\u00f3n psicot\u00e9cnica para polic\u00eda local<\/strong> . Realizamos pruebas tanto para la <strong>revisi\u00f3n bianual de arma reglamentaria<\/strong> como para procesos de <strong>acceso al cuerpo, oposiciones, interinajes, promociones internas y otros procedimientos de selecci\u00f3n o provisi\u00f3n de puestos de trabajo<\/strong> . <\/p>\n<\/div>\n\n\n\n<div class=\"wp-block-buttons 100-smph is-layout-flex wp-block-buttons-is-layout-flex\">\n<div class=\"wp-block-button is-style-outline is-style-outline--4\"><a class=\"wp-block-button__link wp-element-button\" href=\"https:\/\/www.organigrama.com\/es\/pruebas-psicotecnicas-cuerpo-de-policia-local\/\" style=\"text-transform:uppercase\">Ver servicio de pruebas psicot\u00e9cnicas<\/a><\/div>\n<\/div>\n<\/div>\n\n\n\n<div class=\"wp-block-group is-vertical is-layout-flex wp-container-core-group-is-layout-e4b376c3 wp-block-group-is-layout-flex\" style=\"padding-top:var(--wp--preset--spacing--20);padding-right:var(--wp--preset--spacing--30);padding-bottom:var(--wp--preset--spacing--20);padding-left:var(--wp--preset--spacing--30)\">\n<div class=\"wp-block-group has-global-padding is-layout-constrained wp-container-core-group-is-layout-11570125 wp-block-group-is-layout-constrained\" style=\"padding-top:0;padding-bottom:0\">\n<h3 class=\"wp-block-heading has-text-align-left has-primary-color has-text-color has-link-color wp-elements-76c14e22608e53110f2f3f5b6fec5307\"><a href=\"https:\/\/www.organigrama.com\/es\/evaluaciones-psicotecnicas-administracion-publica\/\">Evaluaciones psicot\u00e9cnicas \u2013 Administraci\u00f3n p\u00fablica<\/a><\/h3>\n\n\n\n<p class=\"has-text-align-left wp-block-paragraph\">En <strong>Organigrama<\/strong> ofrecemos servicios de evaluaci\u00f3n psicot\u00e9cnica para procesos de selecci\u00f3n vinculados a la administraci\u00f3n p\u00fablica, tales como <strong>oposiciones, bolsas de interinaje, promociones internas u otros procedimientos de provisi\u00f3n de puestos de trabajo<\/strong> .<\/p>\n<\/div>\n\n\n\n<div class=\"wp-block-buttons 100-smph is-layout-flex wp-block-buttons-is-layout-flex\">\n<div class=\"wp-block-button is-style-outline is-style-outline--5\"><a class=\"wp-block-button__link wp-element-button\" href=\"https:\/\/www.organigrama.com\/es\/evaluaciones-psicotecnicas-administracion-publica\/\" style=\"text-transform:uppercase\">Ver servicio de evaluaciones psicot\u00e9cnicas<\/a><\/div>\n<\/div>\n<\/div>\n<\/div>\n<\/div>\n\n<div class=\"wp-block-group has-global-padding is-layout-constrained wp-container-core-group-is-layout-6812d558 wp-block-group-is-layout-constrained\" style=\"padding-top:50px;padding-bottom:100px\">\n<h2 class=\"wp-block-heading has-text-align-center\">OFERTAS DE TRABAJO<\/h2>\n\n\n\n<p class=\"has-text-align-center wp-block-paragraph\">Explora las ofertas, ap\u00fantate y da el primer paso hacia tu pr\u00f3ximo reto profesional.<\/p>\n\n\n\n<div\n\tclass=\"wp-block-extendable-home-offers\"\tdata-rest-url=\"https:\/\/www.organigrama.com\/es\/wp-json\/extendable\/v1\/ofertas\"\n\tdata-count=\"12\"\n\tdata-i18n=\"{&quot;minteressa&quot;:&quot;Me interesa&quot;,&quot;senseTitol&quot;:&quot;Untitled&quot;,&quot;zonaLabel&quot;:&quot;Zona&quot;,&quot;comarcaLabel&quot;:&quot;Comarca&quot;,&quot;provinciaLabel&quot;:&quot;Province&quot;,&quot;professioLabel&quot;:&quot;Profesi\u00f3n&quot;,&quot;descripcio&quot;:&quot;Descripci\u00f3n&quot;,&quot;senseDescripcio&quot;:&quot;Sin descripci\u00f3n disponible.&quot;,&quot;funcions&quot;:&quot;Responsabilidades&quot;,&quot;inscriurem&quot;:&quot;Aplicar&quot;,&quot;tancar&quot;:&quot;Close&quot;,&quot;gestioInfofeinaPart&quot;:&quot;Las candidaturas se gestionan en el portal.&quot;,&quot;errorCarrega&quot;:&quot;Could not load job offers.&quot;,&quot;errorRespostaSrv&quot;:&quot;Respuesta del servidor no v\u00e1lida.&quot;,&quot;errorGeneric&quot;:&quot;Error&quot;}\"\n\t\t\tdata-logo-url=\"https:\/\/www.organigrama.com\/wp-content\/uploads\/2025\/08\/cropped-Grupo-772-150x150.png\"\n\t>\n\t<p class=\"extendable-home-offers__loading\" role=\"status\" aria-live=\"polite\" style=\"display:none\">\n\t\tCargando ofertas\t<\/p>\n\t<p class=\"extendable-home-offers__error\" role=\"alert\" style=\"display:none\"><\/p>\n\n\t<div class=\"extendable-home-offers__grid\" aria-live=\"polite\">\n\t\t\t\t\t\t\t\t<div class=\"wp-block-group oferta-card\">\n\t\t\t\t\t\t\t\t\t<img class=\"oferta-card-logo\" src=\"https:\/\/www.organigrama.com\/wp-content\/uploads\/2025\/08\/cropped-Grupo-772-150x150.png\" alt=\"\" loading=\"lazy\" decoding=\"async\" \/>\n\t\t\t\t\t\t\t\t\t\t\t\t\t<p class=\"oferta-date-tag\" style=\"margin:0\">31\/08\/2026<\/p>\n\t\t\t\t\n\t\t\t\t<div class=\"oferta-content-wrapper\">\n\t\t\t\t\t\t\t\t\t\t\t<p class=\"oferta-area-pill\">Recursos Humans<\/p>\n\t\t\t\t\t\n\t\t\t\t\t<h3 class=\"wp-block-heading\">T\u00e8cnic\/a Laboral &#8211; Jornada Completa o Parcial<\/h3>\n\n\t\t\t\t\t\t\t\t\t\t\t<p class=\"oferta-card-excerpt\">Busquem una persona amb experi\u00e8ncia pr\u00e8via en assessoria, que vulgui formar part d&#039;un equip estable i donar suport en la gesti\u00f3 del dia a dia dels clients. La persona seleccionada participar\u00e0 en les principals tasques administratives del departament laboral, treballant en un entorn professional, proper i amb possibilitat d&#039;adaptar la jornada segons el perfil.\r\nL&#039;empresa est\u00e0 oberta tant a perfils que busquin una jornada parcial de matins com a persones interessades en una jornada completa, oferint estabilitat i un bon equilibri entre la vida professional i personal.<\/p>\n\t\t\t\t\t\n\t\t\t\t\t<div class=\"oferta-zone-button-row\">\n\t\t\t\t\t\t\t\t\t\t\t\t\t<p class=\"oferta-zona-label\">\n\t\t\t\t\t\t\t\t<span class=\"oferta-zona-label-text\">Zona:<\/span>\n\t\t\t\t\t\t\t\t<span class=\"oferta-zona-name\">Giron\u00e8s<\/span>\n\t\t\t\t\t\t\t<\/p>\n\t\t\t\t\t\t\n\t\t\t\t\t\t\t\t\t\t\t\t\t<a\n\t\t\t\t\t\t\t\tclass=\"wp-block-button__link wp-element-button oferta-web-cta oferta-web-cta--lime oferta-interessa-btn\"\n\t\t\t\t\t\t\t\thref=\"#\"\n\t\t\t\t\t\t\t\tdata-oferta-json=\"{&quot;titol&quot;:&quot;T\u00e8cnic\\\/a Laboral - Jornada Completa o Parcial&quot;,&quot;url&quot;:&quot;https:\\\/\\\/www.infofeina.com\\\/ofertes\\\/tecnic-a-laboral-jornada-completa-o-parcial&quot;,&quot;data_oferta&quot;:&quot;2026-08-31 01:00:01&quot;,&quot;descripcio&quot;:&quot;Busquem una persona amb experi\u00e8ncia pr\u00e8via en assessoria, que vulgui formar part d&amp;apos;un equip estable i donar suport en la gesti\u00f3 del dia a dia dels clients. La persona seleccionada participar\u00e0 en les principals tasques administratives del departament laboral, treballant en un entorn professional, proper i amb possibilitat d&amp;apos;adaptar la jornada segons el perfil.\\r\\nL&amp;apos;empresa est\u00e0 oberta tant a perfils que busquin una jornada parcial de matins com a persones interessades en una jornada completa, oferint estabilitat i un bon equilibri entre la vida professional i personal.&quot;,&quot;funcions&quot;:&quot;Funcions:\\r\\nElaboraci\u00f3 de n\u00f2mines.\\r\\nGesti\u00f3 d&amp;apos;altes, baixes i variacions a la Seguretat Social.\\r\\nConfecci\u00f3 de contractes laborals.\\r\\nTramitaci\u00f3 d&amp;apos;incapacitats temporals, accidents i altres incid\u00e8ncies laborals.\\r\\nSuport en la gesti\u00f3 administrativa del departament laboral.\\r\\nAtenci\u00f3 i seguiment de consultes dels clients.\\r\\nUtilitzaci\u00f3 de les plataformes pr\u00f2pies de l&amp;apos;\u00e0mbit laboral (Sistema RED, SEPE, Siltra o similars).&quot;,&quot;id_area_oferta&quot;:&quot;9&quot;,&quot;area&quot;:&quot;Recursos Humans&quot;,&quot;id_subarea&quot;:&quot;904&quot;,&quot;subarea&quot;:&quot;Relacions laborals&quot;,&quot;professio&quot;:&quot;Administratiu\\\/va laboral&quot;,&quot;idprovincia&quot;:&quot;8&quot;,&quot;provincia&quot;:&quot;Girona&quot;,&quot;idcomarca&quot;:&quot;16&quot;,&quot;comarca&quot;:&quot;Giron\u00e8s&quot;}\"\n\t\t\t\t\t\t\t>\n\t\t\t\t\t\t\t\tMe interesa\t\t\t\t\t\t\t<\/a>\n\t\t\t\t\t\t\t\t\t\t\t<\/div>\n\t\t\t\t<\/div>\n\t\t\t<\/div>\n\t\t\t\t\t\t\t\t<div class=\"wp-block-group oferta-card\">\n\t\t\t\t\t\t\t\t\t<img class=\"oferta-card-logo\" src=\"https:\/\/www.organigrama.com\/wp-content\/uploads\/2025\/08\/cropped-Grupo-772-150x150.png\" alt=\"\" loading=\"lazy\" decoding=\"async\" \/>\n\t\t\t\t\t\t\t\t\t\t\t\t\t<p class=\"oferta-date-tag\" style=\"margin:0\">28\/08\/2026<\/p>\n\t\t\t\t\n\t\t\t\t<div class=\"oferta-content-wrapper\">\n\t\t\t\t\t\t\t\t\t\t\t<p class=\"oferta-area-pill\">Administraci\u00f3, Comptabilitat i Finances<\/p>\n\t\t\t\t\t\n\t\t\t\t\t<h3 class=\"wp-block-heading\">Controller Financer<\/h3>\n\n\t\t\t\t\t\t\t\t\t\t\t<p class=\"oferta-card-excerpt\">Important empresa del sector serveis, ubicada al Baix Empord\u00e0, cerca incorporar un\/a  Controller Financer per refor\u00e7ar el seu departament econ\u00f2mic-financer.\r\nLa persona seleccionada treballar\u00e0 directament amb la Direcci\u00f3 Financera i tindr\u00e0 un paper clau en la coordinaci\u00f3 de l\u2019activitat administrativa i financera de l\u2019organitzaci\u00f3, aix\u00ed com en el seguiment dels indicadors econ\u00f2mics i la millora dels processos interns.<\/p>\n\t\t\t\t\t\n\t\t\t\t\t<div class=\"oferta-zone-button-row\">\n\t\t\t\t\t\t\t\t\t\t\t\t\t<p class=\"oferta-zona-label\">\n\t\t\t\t\t\t\t\t<span class=\"oferta-zona-label-text\">Zona:<\/span>\n\t\t\t\t\t\t\t\t<span class=\"oferta-zona-name\">Baix Empord\u00e0<\/span>\n\t\t\t\t\t\t\t<\/p>\n\t\t\t\t\t\t\n\t\t\t\t\t\t\t\t\t\t\t\t\t<a\n\t\t\t\t\t\t\t\tclass=\"wp-block-button__link wp-element-button oferta-web-cta oferta-web-cta--lime oferta-interessa-btn\"\n\t\t\t\t\t\t\t\thref=\"#\"\n\t\t\t\t\t\t\t\tdata-oferta-json=\"{&quot;titol&quot;:&quot;Controller Financer&quot;,&quot;url&quot;:&quot;https:\\\/\\\/www.infofeina.com\\\/ofertes\\\/controller-financer-junior-&quot;,&quot;data_oferta&quot;:&quot;2026-08-28 01:00:01&quot;,&quot;descripcio&quot;:&quot;Important empresa del sector serveis, ubicada al Baix Empord\u00e0, cerca incorporar un\\\/a  Controller Financer per refor\u00e7ar el seu departament econ\u00f2mic-financer.\\r\\nLa persona seleccionada treballar\u00e0 directament amb la Direcci\u00f3 Financera i tindr\u00e0 un paper clau en la coordinaci\u00f3 de l\u2019activitat administrativa i financera de l\u2019organitzaci\u00f3, aix\u00ed com en el seguiment dels indicadors econ\u00f2mics i la millora dels processos interns.&quot;,&quot;funcions&quot;:&quot;Funcions principals:\\r\\n\\r\\n\u2022\\tSupervisi\u00f3 de diferents \u00e0rees del departament financer i suport directe a la Direcci\u00f3 Financera.\\r\\n\u2022\\tCoordinaci\u00f3 i seguiment de l\u2019activitat comptable i administrativa.\\r\\n\u2022\\tElaboraci\u00f3 i an\u00e0lisi d\u2019informaci\u00f3 econ\u00f2mica i financera per a la direcci\u00f3.\\r\\n\u2022\\tPreparaci\u00f3 de reportings peri\u00f2dics i seguiment dels resultats de l\u2019empresa.\\r\\n\u2022\\tDesenvolupament d\u2019eines d\u2019an\u00e0lisi que facilitin la presa de decisions estrat\u00e8giques.\\r\\n\u2022\\tParticipaci\u00f3 en l\u2019elaboraci\u00f3 del pressupost anual i an\u00e0lisi de desviacions.\\r\\n\u2022\\tRevisi\u00f3 i optimitzaci\u00f3 dels processos administratius per garantir efici\u00e8ncia, fiabilitat i qualitat de la informaci\u00f3.\\r\\n\u2022\\tCoordinaci\u00f3 i lideratge d\u2019un equip de treball dins l\u2019\u00e0rea financera.\\r\\n\\r\\nRequisits:\\r\\n\\r\\n\u2022\\tTitulaci\u00f3 universit\u00e0ria en ADE, Economia o similar.\\r\\n\u2022\\tEs valoraran estudis de m\u00e0ster o postgrau relacionats amb finances o control de gesti\u00f3.\\r\\n\u2022\\tExperi\u00e8ncia consolidada en departaments d\u2019administraci\u00f3 o finances, preferiblement en posicions de responsabilitat.\\r\\n\u2022\\tConeixements s\u00f2lids de comptabilitat i an\u00e0lisi financera.\\r\\n\u2022\\tDomini avan\u00e7at d\u2019Excel i eines ofim\u00e0tiques.\\r\\n\u2022\\tExperi\u00e8ncia en l\u2019\u00fas d\u2019ERP i eines de business intelligence (Power BI, QlikView o similars).\\r\\n\u2022\\tCatal\u00e0 i castell\u00e0 parlats i escrits amb flu\u00efdesa.\\r\\n\u2022\\tResid\u00e8ncia a la zona del Baix Empord\u00e0 o disponibilitat per despla\u00e7ar-s\u2019hi di\u00e0riament.&quot;,&quot;id_area_oferta&quot;:&quot;1&quot;,&quot;area&quot;:&quot;Administraci\u00f3, Comptabilitat i Finances&quot;,&quot;id_subarea&quot;:&quot;103&quot;,&quot;subarea&quot;:&quot;Finances&quot;,&quot;professio&quot;:&quot;Adjunt\\\/a a la direcci\u00f3 financera&quot;,&quot;idprovincia&quot;:&quot;8&quot;,&quot;provincia&quot;:&quot;Girona&quot;,&quot;idcomarca&quot;:&quot;13&quot;,&quot;comarca&quot;:&quot;Baix Empord\u00e0&quot;}\"\n\t\t\t\t\t\t\t>\n\t\t\t\t\t\t\t\tMe interesa\t\t\t\t\t\t\t<\/a>\n\t\t\t\t\t\t\t\t\t\t\t<\/div>\n\t\t\t\t<\/div>\n\t\t\t<\/div>\n\t\t\t\t\t\t\t\t<div class=\"wp-block-group oferta-card\">\n\t\t\t\t\t\t\t\t\t<img class=\"oferta-card-logo\" src=\"https:\/\/www.organigrama.com\/wp-content\/uploads\/2025\/08\/cropped-Grupo-772-150x150.png\" alt=\"\" loading=\"lazy\" decoding=\"async\" \/>\n\t\t\t\t\t\t\t\t\t\t\t\t\t<p class=\"oferta-date-tag\" style=\"margin:0\">26\/08\/2026<\/p>\n\t\t\t\t\n\t\t\t\t<div class=\"oferta-content-wrapper\">\n\t\t\t\t\t\t\t\t\t\t\t<p class=\"oferta-area-pill\">T\u00e8cnica &#8211; Enginyeria<\/p>\n\t\t\t\t\t\n\t\t\t\t\t<h3 class=\"wp-block-heading\">CAP DE QUALITAT per planta industrial &#8211; 45\/50.000\u20ac<\/h3>\n\n\t\t\t\t\t\t\t\t\t\t\t<p class=\"oferta-card-excerpt\">Grup Industrial Multinacional, necessita per la seva planta ubicada al Baix Empord\u00e0 un \/ a  Responsable pel departament de Qualitat.<\/p>\n\t\t\t\t\t\n\t\t\t\t\t<div class=\"oferta-zone-button-row\">\n\t\t\t\t\t\t\t\t\t\t\t\t\t<p class=\"oferta-zona-label\">\n\t\t\t\t\t\t\t\t<span class=\"oferta-zona-label-text\">Zona:<\/span>\n\t\t\t\t\t\t\t\t<span class=\"oferta-zona-name\">Baix Empord\u00e0<\/span>\n\t\t\t\t\t\t\t<\/p>\n\t\t\t\t\t\t\n\t\t\t\t\t\t\t\t\t\t\t\t\t<a\n\t\t\t\t\t\t\t\tclass=\"wp-block-button__link wp-element-button oferta-web-cta oferta-web-cta--lime oferta-interessa-btn\"\n\t\t\t\t\t\t\t\thref=\"#\"\n\t\t\t\t\t\t\t\tdata-oferta-json=\"{&quot;titol&quot;:&quot;CAP DE QUALITAT per planta industrial - 45\\\/50.000\u20ac&quot;,&quot;url&quot;:&quot;https:\\\/\\\/www.infofeina.com\\\/ofertes\\\/cap-de-qualitat-per-planta-industrial-45-50-000&quot;,&quot;data_oferta&quot;:&quot;2026-08-26 01:00:01&quot;,&quot;descripcio&quot;:&quot;Grup Industrial Multinacional, necessita per la seva planta ubicada al Baix Empord\u00e0 un \\\/ a  Responsable pel departament de Qualitat.&quot;,&quot;funcions&quot;:&quot;Estem buscant una persona amb experi\u00e8ncia en el lideratge d&amp;apos;equips, per coordinar el sistema de qualitat d&amp;apos;una planta ind\u00fastrial.\\r\\n\\r\\nDirigir\u00e0 un equip de controllers de qualitat\\r\\nEn reunir\u00e0 amb l&amp;apos;equip de producci\u00f3 per trobar solucions a possibles problemes de qualitat\\r\\nS&amp;apos;ecarregar\u00e0 d&amp;apos;assegurar que els processos de producci\u00f3 estan vigilats per assolir les condicions especificades\\r\\nVetllar\u00e0 per que els canvis de proces es facin d&amp;apos;acord amb normes estrictes de qualitat\\r\\nAvaluar\u00e0 les queixes dels clients i coordina la investigaci\u00f3 correctiva en tots els aspectes relacionats amb la planta\\r\\nAvaluar\u00e0 les necessitats formatives a l&amp;apos;equip de qualitat i producci\u00f3\\r\\nDonar\u00e0 suport t\u00e8ncic en temes de salut i seguretat i requisits ambientals\\r\\nTamb\u00e9 participar\u00e0 en el seguiment de la ISO i d&amp;apos;altres especificacions i certificacions t\u00e8cniques del sector\\r\\nPossible participaci\u00f3 en futurs projectes&quot;,&quot;id_area_oferta&quot;:&quot;11&quot;,&quot;area&quot;:&quot;T\u00e8cnica - Enginyeria&quot;,&quot;id_subarea&quot;:&quot;1111&quot;,&quot;subarea&quot;:&quot;Qualitat&quot;,&quot;professio&quot;:&quot;Cap del departament de qualitat&quot;,&quot;idprovincia&quot;:&quot;8&quot;,&quot;provincia&quot;:&quot;Girona&quot;,&quot;idcomarca&quot;:&quot;13&quot;,&quot;comarca&quot;:&quot;Baix Empord\u00e0&quot;}\"\n\t\t\t\t\t\t\t>\n\t\t\t\t\t\t\t\tMe interesa\t\t\t\t\t\t\t<\/a>\n\t\t\t\t\t\t\t\t\t\t\t<\/div>\n\t\t\t\t<\/div>\n\t\t\t<\/div>\n\t\t\t\t\t\t\t\t<div class=\"wp-block-group oferta-card\">\n\t\t\t\t\t\t\t\t\t<img class=\"oferta-card-logo\" src=\"https:\/\/www.organigrama.com\/wp-content\/uploads\/2025\/08\/cropped-Grupo-772-150x150.png\" alt=\"\" loading=\"lazy\" decoding=\"async\" \/>\n\t\t\t\t\t\t\t\t\t\t\t\t\t<p class=\"oferta-date-tag\" style=\"margin:0\">31\/08\/2026<\/p>\n\t\t\t\t\n\t\t\t\t<div class=\"oferta-content-wrapper\">\n\t\t\t\t\t\t\t\t\t\t\t<p class=\"oferta-area-pill\">Arts i Oficis<\/p>\n\t\t\t\t\t\n\t\t\t\t\t<h3 class=\"wp-block-heading\">Pintor\/a del Metall o d&#039;Automoci\u00f3 &#8211; matins 7h a 15h<\/h3>\n\n\t\t\t\t\t\t\t\t\t\t\t<p class=\"oferta-card-excerpt\">Des d&#039;ORGANIGRAMA busquem un\/a PINTOR\/A DEL METALL O AUTOMOCI\u00d3 per una empresa de GIRONA que es dedica a l\u2019aplicaci\u00f3 de recobriments i acabats sobre diferents superf\u00edcies\r\n\r\nCondicions:\r\n\r\n&#8211; Contracte: Fix i directament per empresa\r\n&#8211; Jornada: 8 hores di\u00e0ries en horari intensiu de matins i de dilluns a divendres.\r\n&#8211; Horari: de 7:00h a 15:00h, flexible: si la persona ho prefereix, pot comen\u00e7ar a les 7:30h o 8:00h i acabar a les 15:30h o 16:00h\r\n\r\nSalari:  convenir segons valors i experi\u00e8ncia aportats<\/p>\n\t\t\t\t\t\n\t\t\t\t\t<div class=\"oferta-zone-button-row\">\n\t\t\t\t\t\t\t\t\t\t\t\t\t<p class=\"oferta-zona-label\">\n\t\t\t\t\t\t\t\t<span class=\"oferta-zona-label-text\">Zona:<\/span>\n\t\t\t\t\t\t\t\t<span class=\"oferta-zona-name\">Giron\u00e8s<\/span>\n\t\t\t\t\t\t\t<\/p>\n\t\t\t\t\t\t\n\t\t\t\t\t\t\t\t\t\t\t\t\t<a\n\t\t\t\t\t\t\t\tclass=\"wp-block-button__link wp-element-button oferta-web-cta oferta-web-cta--lime oferta-interessa-btn\"\n\t\t\t\t\t\t\t\thref=\"#\"\n\t\t\t\t\t\t\t\tdata-oferta-json=\"{&quot;titol&quot;:&quot;Pintor\\\/a del Metall o d&amp;apos;Automoci\u00f3 - matins 7h a 15h&quot;,&quot;url&quot;:&quot;https:\\\/\\\/www.infofeina.com\\\/ofertes\\\/pintor-a-del-metall-o-d-automocio-matins-7h-a-15h&quot;,&quot;data_oferta&quot;:&quot;2026-08-31 01:00:01&quot;,&quot;descripcio&quot;:&quot;Des d&amp;apos;ORGANIGRAMA busquem un\\\/a PINTOR\\\/A DEL METALL O AUTOMOCI\u00d3 per una empresa de GIRONA que es dedica a l\u2019aplicaci\u00f3 de recobriments i acabats sobre diferents superf\u00edcies\\r\\n\\r\\nCondicions:\\r\\n\\r\\n- Contracte: Fix i directament per empresa\\r\\n- Jornada: 8 hores di\u00e0ries en horari intensiu de matins i de dilluns a divendres.\\r\\n- Horari: de 7:00h a 15:00h, flexible: si la persona ho prefereix, pot comen\u00e7ar a les 7:30h o 8:00h i acabar a les 15:30h o 16:00h\\r\\n\\r\\nSalari:  convenir segons valors i experi\u00e8ncia aportats&quot;,&quot;funcions&quot;:&quot;Realitzar l\u2019aplicaci\u00f3 de recobriments i acabats sobre diferents superf\u00edcies, assegurant qualitat, uniformitat i compliment de les normes de seguretat i medi ambient.\\r\\n\\r\\nResponsabilitats principals:\\r\\n\\r\\n- Preparar superf\u00edcies abans de l\u2019aplicaci\u00f3 (neteja, desgreixat, lijat, imprimaci\u00f3).\\r\\n- Mesclar i preparar materials segons indicacions t\u00e8cniques.\\r\\n- Aplicar recobriments amb diferents eines i sistemes: pols, liquid... pistola, aspersi\u00f3...\\r\\n- Comprovar la qualitat del acabat i els gruixos segons est\u00e0ndards establerts.\\r\\n- Mantenir els equips i eines en condicions \u00f2ptimes.\\r\\n- Complir amb les normes de seguretat laboral i protecci\u00f3 ambiental.&quot;,&quot;id_area_oferta&quot;:&quot;2&quot;,&quot;area&quot;:&quot;Arts i Oficis&quot;,&quot;id_subarea&quot;:&quot;204&quot;,&quot;subarea&quot;:&quot;Automoci\u00f3&quot;,&quot;professio&quot;:&quot;Pintor\\\/a de vehicles&quot;,&quot;idprovincia&quot;:&quot;8&quot;,&quot;provincia&quot;:&quot;Girona&quot;,&quot;idcomarca&quot;:&quot;16&quot;,&quot;comarca&quot;:&quot;Giron\u00e8s&quot;}\"\n\t\t\t\t\t\t\t>\n\t\t\t\t\t\t\t\tMe interesa\t\t\t\t\t\t\t<\/a>\n\t\t\t\t\t\t\t\t\t\t\t<\/div>\n\t\t\t\t<\/div>\n\t\t\t<\/div>\n\t\t\t\t\t\t\t\t<div class=\"wp-block-group oferta-card\">\n\t\t\t\t\t\t\t\t\t<img class=\"oferta-card-logo\" src=\"https:\/\/www.organigrama.com\/wp-content\/uploads\/2025\/08\/cropped-Grupo-772-150x150.png\" alt=\"\" loading=\"lazy\" decoding=\"async\" \/>\n\t\t\t\t\t\t\t\t\t\t\t\t\t<p class=\"oferta-date-tag\" style=\"margin:0\">26\/08\/2026<\/p>\n\t\t\t\t\n\t\t\t\t<div class=\"oferta-content-wrapper\">\n\t\t\t\t\t\t\t\t\t\t\t<p class=\"oferta-area-pill\">Sanitat i Salut<\/p>\n\t\t\t\t\t\n\t\t\t\t\t<h3 class=\"wp-block-heading\">Recepcionista amb ANGL\u00c8S per Cl\u00ednica Dental<\/h3>\n\n\t\t\t\t\t\t\t\t\t\t\t<p class=\"oferta-card-excerpt\">Busquem un\/a Recepcionista per a cl\u00ednica dental situada a l\u2019Eixample Esquerra de Barcelona, amb excel\u00b7lent tracte amb el pacient i capacitat d\u2019organitzaci\u00f3. La persona ser\u00e0 responsable de l\u2019atenci\u00f3 a recepci\u00f3, la gesti\u00f3 d\u2019agendes, l\u2019atenci\u00f3 telef\u00f2nica i el suport administratiu del dia a dia de la cl\u00ednica. Treballar\u00e0 en coordinaci\u00f3 amb l\u2019equip cl\u00ednic per garantir una experi\u00e8ncia de pacient fluida i professional. S\u2019incorporar\u00e0 a una cl\u00ednica consolidada, amb bon ambient d\u2019equip i projecte de creixement.\r\n\r\nCal parlar ANGL\u00c8S<\/p>\n\t\t\t\t\t\n\t\t\t\t\t<div class=\"oferta-zone-button-row\">\n\t\t\t\t\t\t\t\t\t\t\t\t\t<p class=\"oferta-zona-label\">\n\t\t\t\t\t\t\t\t<span class=\"oferta-zona-label-text\">Zona:<\/span>\n\t\t\t\t\t\t\t\t<span class=\"oferta-zona-name\">Barcelon\u00e8s<\/span>\n\t\t\t\t\t\t\t<\/p>\n\t\t\t\t\t\t\n\t\t\t\t\t\t\t\t\t\t\t\t\t<a\n\t\t\t\t\t\t\t\tclass=\"wp-block-button__link wp-element-button oferta-web-cta oferta-web-cta--lime oferta-interessa-btn\"\n\t\t\t\t\t\t\t\thref=\"#\"\n\t\t\t\t\t\t\t\tdata-oferta-json=\"{&quot;titol&quot;:&quot;Recepcionista amb ANGL\u00c8S per Cl\u00ednica Dental&quot;,&quot;url&quot;:&quot;https:\\\/\\\/www.infofeina.com\\\/ofertes\\\/recepcionista-amb-angles-per-clinica-dental-administrativa-de-recepcio&quot;,&quot;data_oferta&quot;:&quot;2026-08-26 01:00:01&quot;,&quot;descripcio&quot;:&quot;Busquem un\\\/a Recepcionista per a cl\u00ednica dental situada a l\u2019Eixample Esquerra de Barcelona, amb excel\u00b7lent tracte amb el pacient i capacitat d\u2019organitzaci\u00f3. La persona ser\u00e0 responsable de l\u2019atenci\u00f3 a recepci\u00f3, la gesti\u00f3 d\u2019agendes, l\u2019atenci\u00f3 telef\u00f2nica i el suport administratiu del dia a dia de la cl\u00ednica. Treballar\u00e0 en coordinaci\u00f3 amb l\u2019equip cl\u00ednic per garantir una experi\u00e8ncia de pacient fluida i professional. S\u2019incorporar\u00e0 a una cl\u00ednica consolidada, amb bon ambient d\u2019equip i projecte de creixement.\\r\\n\\r\\nCal parlar ANGL\u00c8S&quot;,&quot;funcions&quot;:&quot;Busquem una persona que gestioni la recepci\u00f3 i l\u2019atenci\u00f3 al pacient de la cl\u00ednica, assegurant una experi\u00e8ncia propera, ordenada i professional des del primer contacte. Ser\u00e0 responsable de la gesti\u00f3 d\u2019agendes, l\u2019atenci\u00f3 telef\u00f2nica i presencial, la coordinaci\u00f3 b\u00e0sica de les visites i el suport administratiu del dia a dia.\\r\\n\\r\\nAt\u00e8s que la cl\u00ednica t\u00e9 molt de pacient estranger, cal que la persona parli ANGL\u00c8S de manera fluida.\\r\\n\\r\\nTreballar\u00e0 en coordinaci\u00f3 directa amb l\u2019equip cl\u00ednic (doctors, higienistes i auxiliars) i amb la propietat de la cl\u00ednica.\\r\\n\\r\\n&gt; Missi\u00f3 del lloc\\r\\n\\r\\nLa seva missi\u00f3 \u00e9s garantir una excel\u00b7lent atenci\u00f3 al pacient i una gesti\u00f3 eficient de la recepci\u00f3, assegurant que l\u2019agenda funcioni correctament, que els pacients estiguin informats i atesos adequadament i que els processos administratius b\u00e0sics (cites, facturaci\u00f3, cobraments i documentaci\u00f3) es gestionin amb ordre i rigor.\\r\\n\\r\\nObjectiu principal:\\r\\n\\r\\nContribuir a una experi\u00e8ncia de pacient fluida i agradable, facilitant el bon funcionament del dia a dia de la cl\u00ednica i donant suport administratiu a l\u2019equip cl\u00ednic.\\r\\n\\r\\n&gt; Funcions i responsabilitats\\r\\n\\r\\n** Atenci\u00f3 al pacient:\\r\\n\\r\\nRecepci\u00f3 i acollida dels pacients a la cl\u00ednica.\\r\\nAtenci\u00f3 telef\u00f2nica i gesti\u00f3 de consultes.\\r\\nInformaci\u00f3 b\u00e0sica sobre tractaments, visites i funcionament de la cl\u00ednica.\\r\\nGesti\u00f3 de la comunicaci\u00f3 amb els pacients amb un tracte proper i professional.\\r\\n\\r\\n** Gesti\u00f3 d\u2019agendes i cites:\\r\\n\\r\\nProgramaci\u00f3 de visites i gesti\u00f3 de l\u2019agenda dels doctors i higienistes.\\r\\nConfirmaci\u00f3 de cites i gesti\u00f3 de reprogramacions.\\r\\nControl de llistes d\u2019espera i reducci\u00f3 de cancel\u00b7lacions o no-shows.\\r\\nCoordinaci\u00f3 b\u00e0sica amb l\u2019equip cl\u00ednic per optimitzar l\u2019agenda.\\r\\n\\r\\n** Administraci\u00f3 i gesti\u00f3 documental:\\r\\n\\r\\nIntroducci\u00f3 i actualitzaci\u00f3 de dades dels pacients al sistema inform\u00e0tic.\\r\\nGesti\u00f3 de documentaci\u00f3 cl\u00ednica i administrativa.\\r\\nPreparaci\u00f3 de documentaci\u00f3 per a visites i tractaments.\\r\\n\\r\\n** Facturaci\u00f3 i cobraments:\\r\\n\\r\\nEmissi\u00f3 de factures i gesti\u00f3 de cobraments.\\r\\nTancament de caixa i control de pagaments.\\r\\nSuport en la gesti\u00f3 administrativa del programa de gesti\u00f3 cl\u00ednica (GESDEN o similar).\\r\\n\\r\\n** Suport al seguiment de pacients:\\r\\n\\r\\nRecordatoris de visites i revisions.\\r\\nSeguiment de cites pendents o cancel\u00b7lades.\\r\\nSuport en la comunicaci\u00f3 amb pacients per a la continu\u00eftat dels tractaments.\\r\\n\\r\\n** Suport general a l\u2019organitzaci\u00f3 de la cl\u00ednica:\\r\\n\\r\\nCoordinaci\u00f3 amb l\u2019equip cl\u00ednic per al bon funcionament del dia a dia.\\r\\nSuport en tasques administratives diverses.\\r\\nManteniment de l\u2019ordre i la imatge de la recepci\u00f3.&quot;,&quot;id_area_oferta&quot;:&quot;10&quot;,&quot;area&quot;:&quot;Sanitat i Salut&quot;,&quot;id_subarea&quot;:&quot;1005&quot;,&quot;subarea&quot;:&quot;Odontologia&quot;,&quot;professio&quot;:&quot;Assistent dental&quot;,&quot;idprovincia&quot;:&quot;2&quot;,&quot;provincia&quot;:&quot;Barcelona&quot;,&quot;idcomarca&quot;:&quot;5&quot;,&quot;comarca&quot;:&quot;Barcelon\u00e8s&quot;}\"\n\t\t\t\t\t\t\t>\n\t\t\t\t\t\t\t\tMe interesa\t\t\t\t\t\t\t<\/a>\n\t\t\t\t\t\t\t\t\t\t\t<\/div>\n\t\t\t\t<\/div>\n\t\t\t<\/div>\n\t\t\t\t\t\t\t\t<div class=\"wp-block-group oferta-card\">\n\t\t\t\t\t\t\t\t\t<img class=\"oferta-card-logo\" src=\"https:\/\/www.organigrama.com\/wp-content\/uploads\/2025\/08\/cropped-Grupo-772-150x150.png\" alt=\"\" loading=\"lazy\" decoding=\"async\" \/>\n\t\t\t\t\t\t\t\t\t\t\t\t\t<p class=\"oferta-date-tag\" style=\"margin:0\">28\/08\/2026<\/p>\n\t\t\t\t\n\t\t\t\t<div class=\"oferta-content-wrapper\">\n\t\t\t\t\t\t\t\t\t\t\t<p class=\"oferta-area-pill\">Ind\u00fastria &#8211; Operaris<\/p>\n\t\t\t\t\t\n\t\t\t\t\t<h3 class=\"wp-block-heading\">Soldador\/a &#8211; 7 a 15h (30\/35000 SAB)<\/h3>\n\n\t\t\t\t\t\t\t\t\t\t\t<p class=\"oferta-card-excerpt\">Taller situat a l&#039;Alt Empord\u00e0 busca incorporar un\/a Soldadura d\u2019Acer Inoxidable i Alumini<\/p>\n\t\t\t\t\t\n\t\t\t\t\t<div class=\"oferta-zone-button-row\">\n\t\t\t\t\t\t\t\t\t\t\t\t\t<p class=\"oferta-zona-label\">\n\t\t\t\t\t\t\t\t<span class=\"oferta-zona-label-text\">Zona:<\/span>\n\t\t\t\t\t\t\t\t<span class=\"oferta-zona-name\">Alt Empord\u00e0<\/span>\n\t\t\t\t\t\t\t<\/p>\n\t\t\t\t\t\t\n\t\t\t\t\t\t\t\t\t\t\t\t\t<a\n\t\t\t\t\t\t\t\tclass=\"wp-block-button__link wp-element-button oferta-web-cta oferta-web-cta--lime oferta-interessa-btn\"\n\t\t\t\t\t\t\t\thref=\"#\"\n\t\t\t\t\t\t\t\tdata-oferta-json=\"{&quot;titol&quot;:&quot;Soldador\\\/a - 7 a 15h (30\\\/35000 SAB)&quot;,&quot;url&quot;:&quot;https:\\\/\\\/www.infofeina.com\\\/ofertes\\\/soldador-a-7-a-15h-30-35000-&quot;,&quot;data_oferta&quot;:&quot;2026-08-28 01:00:01&quot;,&quot;descripcio&quot;:&quot;Taller situat a l&amp;apos;Alt Empord\u00e0 busca incorporar un\\\/a Soldadura d\u2019Acer Inoxidable i Alumini&quot;,&quot;funcions&quot;:&quot;Es dur\u00e0 a terme treballs de soldadura TIG i MIG, muntatge i assemblatge de peces met\u00e0l\u00b7liques, assegurant en tot moment la qualitat del producte i el compliment de les normes de seguretat i de producci\u00f3.\\r\\n\\r\\nFuncions principals:\\r\\n\\r\\n-Realitzar soldadures TIG i MIG en acer inoxidable i alumini.\\r\\n-Preparar, muntar i ajustar peces met\u00e0l\u00b7liques segons pl\u00e0nols o instruccions t\u00e8cniques.\\r\\n-Fer controls visuals i de qualitat de les soldadures i peces acabades.\\r\\n-Mantenir en bon estat els equips i eines de treball.\\r\\n\\r\\nEs busca un professional responsable, amb experi\u00e8ncia en soldadura i atenci\u00f3 al detall, acostumat a treballar en entorns industrials i amb ganes d\u2019integrar-se en un equip estable i comprom\u00e8s.&quot;,&quot;id_area_oferta&quot;:&quot;5&quot;,&quot;area&quot;:&quot;Ind\u00fastria - Operaris&quot;,&quot;id_subarea&quot;:&quot;503&quot;,&quot;subarea&quot;:&quot;Mec\u00e0nica&quot;,&quot;professio&quot;:&quot;Calderer\\\/a&quot;,&quot;idprovincia&quot;:&quot;8&quot;,&quot;provincia&quot;:&quot;Girona&quot;,&quot;idcomarca&quot;:&quot;12&quot;,&quot;comarca&quot;:&quot;Alt Empord\u00e0&quot;}\"\n\t\t\t\t\t\t\t>\n\t\t\t\t\t\t\t\tMe interesa\t\t\t\t\t\t\t<\/a>\n\t\t\t\t\t\t\t\t\t\t\t<\/div>\n\t\t\t\t<\/div>\n\t\t\t<\/div>\n\t\t\t\t\t\t\t\t<div class=\"wp-block-group oferta-card\">\n\t\t\t\t\t\t\t\t\t<img class=\"oferta-card-logo\" src=\"https:\/\/www.organigrama.com\/wp-content\/uploads\/2025\/08\/cropped-Grupo-772-150x150.png\" alt=\"\" loading=\"lazy\" decoding=\"async\" \/>\n\t\t\t\t\t\t\t\t\t\t\t\t\t<p class=\"oferta-date-tag\" style=\"margin:0\">24\/08\/2026<\/p>\n\t\t\t\t\n\t\t\t\t<div class=\"oferta-content-wrapper\">\n\t\t\t\t\t\t\t\t\t\t\t<p class=\"oferta-area-pill\">Administraci\u00f3, Comptabilitat i Finances<\/p>\n\t\t\t\t\t\n\t\t\t\t\t<h3 class=\"wp-block-heading\">Administratiu\/va polivalent \u2013 Girona Centre<\/h3>\n\n\t\t\t\t\t\t\t\t\t\t\t<p class=\"oferta-card-excerpt\">Empresa del sector assegurador busca incorporar un\/a Administratiu\/va Polivalent per refor\u00e7ar el seu equip de treball.\r\n\r\nLa persona seleccionada participar\u00e0 principalment en la gesti\u00f3 de tasques administratives relacionades amb p\u00f2lisses, producci\u00f3 nova i atenci\u00f3 al client.\r\n\r\nEs tracta d\u2019una posici\u00f3 molt transversal, ideal per a persones amb capacitat d\u2019adaptaci\u00f3, ganes d\u2019aprendre i inter\u00e8s per tocar diferents \u00e0rees dins un entorn proper i din\u00e0mic.\r\n\r\nBusquem una persona espavilada, resolutiva i amb bona actitud, prioritzant especialment l\u2019encaix hum\u00e0, la predisposici\u00f3 i la voluntat de cr\u00e9ixer professionalment dins un equip estable i familiar.\r\n\r\nNo \u00e9s imprescindible experi\u00e8ncia espec\u00edfica, tot i que es valorar\u00e0 positivament experi\u00e8ncia o coneixements previs en sinistres o corredories.<\/p>\n\t\t\t\t\t\n\t\t\t\t\t<div class=\"oferta-zone-button-row\">\n\t\t\t\t\t\t\t\t\t\t\t\t\t<p class=\"oferta-zona-label\">\n\t\t\t\t\t\t\t\t<span class=\"oferta-zona-label-text\">Zona:<\/span>\n\t\t\t\t\t\t\t\t<span class=\"oferta-zona-name\">Giron\u00e8s<\/span>\n\t\t\t\t\t\t\t<\/p>\n\t\t\t\t\t\t\n\t\t\t\t\t\t\t\t\t\t\t\t\t<a\n\t\t\t\t\t\t\t\tclass=\"wp-block-button__link wp-element-button oferta-web-cta oferta-web-cta--lime oferta-interessa-btn\"\n\t\t\t\t\t\t\t\thref=\"#\"\n\t\t\t\t\t\t\t\tdata-oferta-json=\"{&quot;titol&quot;:&quot;Administratiu\\\/va polivalent \u2013 Girona Centre&quot;,&quot;url&quot;:&quot;https:\\\/\\\/www.infofeina.com\\\/ofertes\\\/administratiu-va-polivalent--girona-centre&quot;,&quot;data_oferta&quot;:&quot;2026-08-24 01:00:01&quot;,&quot;descripcio&quot;:&quot;Empresa del sector assegurador busca incorporar un\\\/a Administratiu\\\/va Polivalent per refor\u00e7ar el seu equip de treball.\\r\\n\\r\\nLa persona seleccionada participar\u00e0 principalment en la gesti\u00f3 de tasques administratives relacionades amb p\u00f2lisses, producci\u00f3 nova i atenci\u00f3 al client.\\r\\n\\r\\nEs tracta d\u2019una posici\u00f3 molt transversal, ideal per a persones amb capacitat d\u2019adaptaci\u00f3, ganes d\u2019aprendre i inter\u00e8s per tocar diferents \u00e0rees dins un entorn proper i din\u00e0mic.\\r\\n\\r\\nBusquem una persona espavilada, resolutiva i amb bona actitud, prioritzant especialment l\u2019encaix hum\u00e0, la predisposici\u00f3 i la voluntat de cr\u00e9ixer professionalment dins un equip estable i familiar.\\r\\n\\r\\nNo \u00e9s imprescindible experi\u00e8ncia espec\u00edfica, tot i que es valorar\u00e0 positivament experi\u00e8ncia o coneixements previs en sinistres o corredories.&quot;,&quot;funcions&quot;:&quot;-Tasques administratives generals\\r\\n-Atenci\u00f3 telef\u00f2nica i suport al client\\r\\n-Suport en gesti\u00f3 de p\u00f2lisses\\r\\n-Suport en producci\u00f3 nova\\r\\n-Coordinaci\u00f3 i seguiment de gestions internes&quot;,&quot;id_area_oferta&quot;:&quot;1&quot;,&quot;area&quot;:&quot;Administraci\u00f3, Comptabilitat i Finances&quot;,&quot;id_subarea&quot;:&quot;104&quot;,&quot;subarea&quot;:&quot;Assegurances&quot;,&quot;professio&quot;:&quot;Corredor\\\/a d&amp;apos;assegurances&quot;,&quot;idprovincia&quot;:&quot;8&quot;,&quot;provincia&quot;:&quot;Girona&quot;,&quot;idcomarca&quot;:&quot;16&quot;,&quot;comarca&quot;:&quot;Giron\u00e8s&quot;}\"\n\t\t\t\t\t\t\t>\n\t\t\t\t\t\t\t\tMe interesa\t\t\t\t\t\t\t<\/a>\n\t\t\t\t\t\t\t\t\t\t\t<\/div>\n\t\t\t\t<\/div>\n\t\t\t<\/div>\n\t\t\t\t\t\t\t\t<div class=\"wp-block-group oferta-card\">\n\t\t\t\t\t\t\t\t\t<img class=\"oferta-card-logo\" src=\"https:\/\/www.organigrama.com\/wp-content\/uploads\/2025\/08\/cropped-Grupo-772-150x150.png\" alt=\"\" loading=\"lazy\" decoding=\"async\" \/>\n\t\t\t\t\t\t\t\t\t\t\t\t\t<p class=\"oferta-date-tag\" style=\"margin:0\">25\/08\/2026<\/p>\n\t\t\t\t\n\t\t\t\t<div class=\"oferta-content-wrapper\">\n\t\t\t\t\t\t\t\t\t\t\t<p class=\"oferta-area-pill\">Inform\u00e0tica<\/p>\n\t\t\t\t\t\n\t\t\t\t\t<h3 class=\"wp-block-heading\">T\u00e8cnic\/a de Software ERP<\/h3>\n\n\t\t\t\t\t\t\t\t\t\t\t<p class=\"oferta-card-excerpt\">Empresa tecnol\u00f2gica especialitzada en solucions digitals per a empreses incorpora un\/a T\u00e8cnic\/a de Software ERP per refor\u00e7ar l\u2019equip t\u00e8cnic i funcional.<\/p>\n\t\t\t\t\t\n\t\t\t\t\t<div class=\"oferta-zone-button-row\">\n\t\t\t\t\t\t\t\t\t\t\t\t\t<p class=\"oferta-zona-label\">\n\t\t\t\t\t\t\t\t<span class=\"oferta-zona-label-text\">Zona:<\/span>\n\t\t\t\t\t\t\t\t<span class=\"oferta-zona-name\">Osona<\/span>\n\t\t\t\t\t\t\t<\/p>\n\t\t\t\t\t\t\n\t\t\t\t\t\t\t\t\t\t\t\t\t<a\n\t\t\t\t\t\t\t\tclass=\"wp-block-button__link wp-element-button oferta-web-cta oferta-web-cta--lime oferta-interessa-btn\"\n\t\t\t\t\t\t\t\thref=\"#\"\n\t\t\t\t\t\t\t\tdata-oferta-json=\"{&quot;titol&quot;:&quot;T\u00e8cnic\\\/a de Software ERP&quot;,&quot;url&quot;:&quot;https:\\\/\\\/www.infofeina.com\\\/ofertes\\\/tecnic-a-de-software-erp&quot;,&quot;data_oferta&quot;:&quot;2026-08-25 01:00:01&quot;,&quot;descripcio&quot;:&quot;Empresa tecnol\u00f2gica especialitzada en solucions digitals per a empreses incorpora un\\\/a T\u00e8cnic\\\/a de Software ERP per refor\u00e7ar l\u2019equip t\u00e8cnic i funcional.&quot;,&quot;funcions&quot;:&quot;Busquem una persona amb orientaci\u00f3 al client, capacitat anal\u00edtica i inter\u00e8s pel m\u00f3n del software de gesti\u00f3 empresarial.\\r\\n\\r\\nFuncions principals:\\r\\n\\r\\nImplantaci\u00f3, configuraci\u00f3 i manteniment de solucions ERP.\\r\\nSuport t\u00e8cnic i funcional a clients, tant remot com presencial.\\r\\nAn\u00e0lisi de necessitats i requeriments dels clients.\\r\\nElaboraci\u00f3 de documentaci\u00f3 funcional i manuals d\u2019\u00fas.\\r\\nValidaci\u00f3 i proves de noves funcionalitats i millores.\\r\\nFormaci\u00f3 i acompanyament a usuaris finals.\\r\\nCoordinaci\u00f3 i comunicaci\u00f3 directa amb clients durant els projectes.&quot;,&quot;id_area_oferta&quot;:&quot;6&quot;,&quot;area&quot;:&quot;Inform\u00e0tica&quot;,&quot;id_subarea&quot;:&quot;605&quot;,&quot;subarea&quot;:&quot;Sistemes&quot;,&quot;professio&quot;:&quot;T\u00e8cnic\\\/a de Software&quot;,&quot;idprovincia&quot;:&quot;2&quot;,&quot;provincia&quot;:&quot;Barcelona&quot;,&quot;idcomarca&quot;:&quot;9&quot;,&quot;comarca&quot;:&quot;Osona&quot;}\"\n\t\t\t\t\t\t\t>\n\t\t\t\t\t\t\t\tMe interesa\t\t\t\t\t\t\t<\/a>\n\t\t\t\t\t\t\t\t\t\t\t<\/div>\n\t\t\t\t<\/div>\n\t\t\t<\/div>\n\t\t\t\t\t\t\t\t<div class=\"wp-block-group oferta-card\">\n\t\t\t\t\t\t\t\t\t<img class=\"oferta-card-logo\" src=\"https:\/\/www.organigrama.com\/wp-content\/uploads\/2025\/08\/cropped-Grupo-772-150x150.png\" alt=\"\" loading=\"lazy\" decoding=\"async\" \/>\n\t\t\t\t\t\t\t\t\t\t\t\t\t<p class=\"oferta-date-tag\" style=\"margin:0\">29\/08\/2026<\/p>\n\t\t\t\t\n\t\t\t\t<div class=\"oferta-content-wrapper\">\n\t\t\t\t\t\t\t\t\t\t\t<p class=\"oferta-area-pill\">Log\u00edstica &#8211; Magatzem &#8211; Transport<\/p>\n\t\t\t\t\t\n\t\t\t\t\t<h3 class=\"wp-block-heading\">X\u00f2fer Cami\u00f3 Grua \u2013 35.000 \u20ac bruts anuals<\/h3>\n\n\t\t\t\t\t\t\t\t\t\t\t<p class=\"oferta-card-excerpt\">Empresa consolidada i referent dins el seu sector busca incorporar un\/a X\u00f2fer de Cami\u00f3 Grua per refor\u00e7ar el seu equip operatiu.\r\n\r\nLa persona seleccionada desenvolupar\u00e0 principalment la seva activitat dins les instal\u00b7lacions de l&#039;empresa, realitzant tasques de moviment, c\u00e0rrega i desc\u00e0rrega de materials amb cami\u00f3 grua. De manera puntual, tamb\u00e9 haur\u00e0 d&#039;efectuar despla\u00e7aments a clients o altres ubicacions de la prov\u00edncia per realitzar entregues o recollides espec\u00edfiques.\r\n\r\nBusquem una persona responsable, amb experi\u00e8ncia en conducci\u00f3 de vehicles industrials i habituada a treballar amb materials de grans dimensions. \u00c9s una posici\u00f3 estable, amb un alt grau d&#039;autonomia i integrada dins un equip consolidat.<\/p>\n\t\t\t\t\t\n\t\t\t\t\t<div class=\"oferta-zone-button-row\">\n\t\t\t\t\t\t\t\t\t\t\t\t\t<p class=\"oferta-zona-label\">\n\t\t\t\t\t\t\t\t<span class=\"oferta-zona-label-text\">Zona:<\/span>\n\t\t\t\t\t\t\t\t<span class=\"oferta-zona-name\">La Selva<\/span>\n\t\t\t\t\t\t\t<\/p>\n\t\t\t\t\t\t\n\t\t\t\t\t\t\t\t\t\t\t\t\t<a\n\t\t\t\t\t\t\t\tclass=\"wp-block-button__link wp-element-button oferta-web-cta oferta-web-cta--lime oferta-interessa-btn\"\n\t\t\t\t\t\t\t\thref=\"#\"\n\t\t\t\t\t\t\t\tdata-oferta-json=\"{&quot;titol&quot;:&quot;X\u00f2fer Cami\u00f3 Grua \u2013 35.000 \u20ac bruts anuals&quot;,&quot;url&quot;:&quot;https:\\\/\\\/www.infofeina.com\\\/ofertes\\\/xofer-camio-grua--35-000--bruts-anuals&quot;,&quot;data_oferta&quot;:&quot;2026-08-29 01:00:01&quot;,&quot;descripcio&quot;:&quot;Empresa consolidada i referent dins el seu sector busca incorporar un\\\/a X\u00f2fer de Cami\u00f3 Grua per refor\u00e7ar el seu equip operatiu.\\r\\n\\r\\nLa persona seleccionada desenvolupar\u00e0 principalment la seva activitat dins les instal\u00b7lacions de l&amp;apos;empresa, realitzant tasques de moviment, c\u00e0rrega i desc\u00e0rrega de materials amb cami\u00f3 grua. De manera puntual, tamb\u00e9 haur\u00e0 d&amp;apos;efectuar despla\u00e7aments a clients o altres ubicacions de la prov\u00edncia per realitzar entregues o recollides espec\u00edfiques.\\r\\n\\r\\nBusquem una persona responsable, amb experi\u00e8ncia en conducci\u00f3 de vehicles industrials i habituada a treballar amb materials de grans dimensions. \u00c9s una posici\u00f3 estable, amb un alt grau d&amp;apos;autonomia i integrada dins un equip consolidat.&quot;,&quot;funcions&quot;:&quot;-Conducci\u00f3 i operaci\u00f3 de cami\u00f3 grua.\\r\\n-C\u00e0rrega i desc\u00e0rrega de materials.\\r\\n-Moviment intern de producte dins les instal\u00b7lacions.\\r\\n-Organitzaci\u00f3 i ubicaci\u00f3 dels materials.\\r\\n-Revisi\u00f3 b\u00e0sica i control de l&amp;apos;estat del vehicle.\\r\\n-Despla\u00e7aments puntuals per entregues o recollides.\\r\\n-Suport a les tasques log\u00edstiques i operatives de l&amp;apos;empresa.&quot;,&quot;id_area_oferta&quot;:&quot;7&quot;,&quot;area&quot;:&quot;Log\u00edstica - Magatzem - Transport&quot;,&quot;id_subarea&quot;:&quot;702&quot;,&quot;subarea&quot;:&quot;Transport&quot;,&quot;professio&quot;:&quot;Conductor\\\/a de cami\u00f3&quot;,&quot;idprovincia&quot;:&quot;8&quot;,&quot;provincia&quot;:&quot;Girona&quot;,&quot;idcomarca&quot;:&quot;19&quot;,&quot;comarca&quot;:&quot;La Selva&quot;}\"\n\t\t\t\t\t\t\t>\n\t\t\t\t\t\t\t\tMe interesa\t\t\t\t\t\t\t<\/a>\n\t\t\t\t\t\t\t\t\t\t\t<\/div>\n\t\t\t\t<\/div>\n\t\t\t<\/div>\n\t\t\t\t\t\t\t\t<div class=\"wp-block-group oferta-card\">\n\t\t\t\t\t\t\t\t\t<img class=\"oferta-card-logo\" src=\"https:\/\/www.organigrama.com\/wp-content\/uploads\/2025\/08\/cropped-Grupo-772-150x150.png\" alt=\"\" loading=\"lazy\" decoding=\"async\" \/>\n\t\t\t\t\t\t\t\t\t\t\t\t\t<p class=\"oferta-date-tag\" style=\"margin:0\">24\/08\/2026<\/p>\n\t\t\t\t\n\t\t\t\t<div class=\"oferta-content-wrapper\">\n\t\t\t\t\t\t\t\t\t\t\t<p class=\"oferta-area-pill\">Administraci\u00f3, Comptabilitat i Finances<\/p>\n\t\t\t\t\t\n\t\t\t\t\t<h3 class=\"wp-block-heading\">GESTOR\/A ADMINISTRATIU\/VA TRAMITACI\u00d3 SINISTRES &#8211; GIRONA<\/h3>\n\n\t\t\t\t\t\t\t\t\t\t\t<p class=\"oferta-card-excerpt\">Corredoria d&#039;assegurances de Girona ciutat, busca incorporar un\/a Gestor\/a administratiu\/va refor\u00e7ar el seu equip de treball.\r\n\r\nLa persona seleccionada combinar\u00e0 tasques de gesti\u00f3 administrativa, sinistres, seguiment de clients i coordinaci\u00f3 d&#039;incid\u00e8ncies, etc.\r\n\r\nBusquem una persona organitzada, resolutiva i amb facilitat per tractar amb clients, que gaudeixi gestionant diferents temes alhora i que vulgui incorporar-se a un projecte estable, amb bon ambient de treball i horaris que afavoreixen la conciliaci\u00f3.<\/p>\n\t\t\t\t\t\n\t\t\t\t\t<div class=\"oferta-zone-button-row\">\n\t\t\t\t\t\t\t\t\t\t\t\t\t<p class=\"oferta-zona-label\">\n\t\t\t\t\t\t\t\t<span class=\"oferta-zona-label-text\">Zona:<\/span>\n\t\t\t\t\t\t\t\t<span class=\"oferta-zona-name\">Giron\u00e8s<\/span>\n\t\t\t\t\t\t\t<\/p>\n\t\t\t\t\t\t\n\t\t\t\t\t\t\t\t\t\t\t\t\t<a\n\t\t\t\t\t\t\t\tclass=\"wp-block-button__link wp-element-button oferta-web-cta oferta-web-cta--lime oferta-interessa-btn\"\n\t\t\t\t\t\t\t\thref=\"#\"\n\t\t\t\t\t\t\t\tdata-oferta-json=\"{&quot;titol&quot;:&quot;GESTOR\\\/A ADMINISTRATIU\\\/VA TRAMITACI\u00d3 SINISTRES - GIRONA&quot;,&quot;url&quot;:&quot;https:\\\/\\\/www.infofeina.com\\\/ofertes\\\/gestor-a-administratiu-va-tramitacio-sinistres-girona&quot;,&quot;data_oferta&quot;:&quot;2026-08-24 01:00:01&quot;,&quot;descripcio&quot;:&quot;Corredoria d&amp;apos;assegurances de Girona ciutat, busca incorporar un\\\/a Gestor\\\/a administratiu\\\/va refor\u00e7ar el seu equip de treball.\\r\\n\\r\\nLa persona seleccionada combinar\u00e0 tasques de gesti\u00f3 administrativa, sinistres, seguiment de clients i coordinaci\u00f3 d&amp;apos;incid\u00e8ncies, etc.\\r\\n\\r\\nBusquem una persona organitzada, resolutiva i amb facilitat per tractar amb clients, que gaudeixi gestionant diferents temes alhora i que vulgui incorporar-se a un projecte estable, amb bon ambient de treball i horaris que afavoreixen la conciliaci\u00f3.&quot;,&quot;funcions&quot;:&quot;-Gesti\u00f3 de sinistres i incid\u00e8ncies\\r\\n-Suport en gesti\u00f3 de p\u00f2lisses\\r\\n-Tasques administratives generals\\r\\n-Suport en producci\u00f3 nova\\r\\n-Coordinaci\u00f3 i seguiment de gestions internes&quot;,&quot;id_area_oferta&quot;:&quot;1&quot;,&quot;area&quot;:&quot;Administraci\u00f3, Comptabilitat i Finances&quot;,&quot;id_subarea&quot;:&quot;104&quot;,&quot;subarea&quot;:&quot;Assegurances&quot;,&quot;professio&quot;:&quot;Corredor\\\/a d&amp;apos;assegurances&quot;,&quot;idprovincia&quot;:&quot;8&quot;,&quot;provincia&quot;:&quot;Girona&quot;,&quot;idcomarca&quot;:&quot;16&quot;,&quot;comarca&quot;:&quot;Giron\u00e8s&quot;}\"\n\t\t\t\t\t\t\t>\n\t\t\t\t\t\t\t\tMe interesa\t\t\t\t\t\t\t<\/a>\n\t\t\t\t\t\t\t\t\t\t\t<\/div>\n\t\t\t\t<\/div>\n\t\t\t<\/div>\n\t\t\t\t\t\t\t\t<div class=\"wp-block-group oferta-card\">\n\t\t\t\t\t\t\t\t\t<img class=\"oferta-card-logo\" src=\"https:\/\/www.organigrama.com\/wp-content\/uploads\/2025\/08\/cropped-Grupo-772-150x150.png\" alt=\"\" loading=\"lazy\" decoding=\"async\" \/>\n\t\t\t\t\t\t\t\t\t\t\t\t\t<p class=\"oferta-date-tag\" style=\"margin:0\">26\/08\/2026<\/p>\n\t\t\t\t\n\t\t\t\t<div class=\"oferta-content-wrapper\">\n\t\t\t\t\t\t\t\t\t\t\t<p class=\"oferta-area-pill\">T\u00e8cnica &#8211; Enginyeria<\/p>\n\t\t\t\t\t\n\t\t\t\t\t<h3 class=\"wp-block-heading\">Cap d\u2019Obra d\u2019Edificaci\u00f3 i Rehabilitaci\u00f3 &#8211; Girona<\/h3>\n\n\t\t\t\t\t\t\t\t\t\t\t<p class=\"oferta-card-excerpt\">Empresa de serveis de la prov\u00edncia de Girona busca un\/a Cap d&#039;Obra  per cobrir una futura jubilaci\u00f3 a l&#039;empresa.\r\n\r\nEs tracta d\u2019una oportunitat estable dins d&#039;una empresa s\u00f2lida i en creixement, amb experi\u00e8ncia en la gesti\u00f3 de projectes d\u2019edificaci\u00f3 i obra civil. \r\n\r\nLa persona seleccionada assumir\u00e0 un rol de responsabilitat, amb autonomia en la presa de decisions t\u00e8cniques i organitzatives, formant part d\u2019un equip professional i comprom\u00e8s amb la qualitat en l\u2019execuci\u00f3.<\/p>\n\t\t\t\t\t\n\t\t\t\t\t<div class=\"oferta-zone-button-row\">\n\t\t\t\t\t\t\t\t\t\t\t\t\t<p class=\"oferta-zona-label\">\n\t\t\t\t\t\t\t\t<span class=\"oferta-zona-label-text\">Zona:<\/span>\n\t\t\t\t\t\t\t\t<span class=\"oferta-zona-name\">Giron\u00e8s<\/span>\n\t\t\t\t\t\t\t<\/p>\n\t\t\t\t\t\t\n\t\t\t\t\t\t\t\t\t\t\t\t\t<a\n\t\t\t\t\t\t\t\tclass=\"wp-block-button__link wp-element-button oferta-web-cta oferta-web-cta--lime oferta-interessa-btn\"\n\t\t\t\t\t\t\t\thref=\"#\"\n\t\t\t\t\t\t\t\tdata-oferta-json=\"{&quot;titol&quot;:&quot;Cap d\u2019Obra d\u2019Edificaci\u00f3 i Rehabilitaci\u00f3 - Girona&quot;,&quot;url&quot;:&quot;https:\\\/\\\/www.infofeina.com\\\/ofertes\\\/arquitecte-a-tecnic-a-cap-dobra-girona&quot;,&quot;data_oferta&quot;:&quot;2026-08-26 01:00:01&quot;,&quot;descripcio&quot;:&quot;Empresa de serveis de la prov\u00edncia de Girona busca un\\\/a Cap d&amp;apos;Obra  per cobrir una futura jubilaci\u00f3 a l&amp;apos;empresa.\\r\\n\\r\\nEs tracta d\u2019una oportunitat estable dins d&amp;apos;una empresa s\u00f2lida i en creixement, amb experi\u00e8ncia en la gesti\u00f3 de projectes d\u2019edificaci\u00f3 i obra civil. \\r\\n\\r\\nLa persona seleccionada assumir\u00e0 un rol de responsabilitat, amb autonomia en la presa de decisions t\u00e8cniques i organitzatives, formant part d\u2019un equip professional i comprom\u00e8s amb la qualitat en l\u2019execuci\u00f3.&quot;,&quot;funcions&quot;:&quot;- Control d&amp;apos;obres i organitzaci\u00f3 de personal \\r\\n- Visitar nous projectes a casa del client i presentaci\u00f3 de propostes\\r\\n- Organitzaci\u00f3 de la feina dels operaris segons la planificaci\u00f3 i terminis\\r\\n- Control del nivell d&amp;apos;execuci\u00f3 dels treballs\\r\\n- Capacitat per interpretar pl\u00e0nols\\r\\n- Controlar el compliment del pla de seguretat i salut i de les normes de prevenci\u00f3 de riscos laborals\\r\\n- Controla els materials i els mitjans de l&amp;apos;obra\\r\\n- Supervisa i verifica els processos i els resultats dels treballs\\r\\n- Controla la qualitat de les partides d&amp;apos;obra executades&quot;,&quot;id_area_oferta&quot;:&quot;11&quot;,&quot;area&quot;:&quot;T\u00e8cnica - Enginyeria&quot;,&quot;id_subarea&quot;:&quot;1100&quot;,&quot;subarea&quot;:&quot;Arquitectura i Edificaci\u00f3&quot;,&quot;professio&quot;:&quot;Arquitecte\\\/a&quot;,&quot;idprovincia&quot;:&quot;8&quot;,&quot;provincia&quot;:&quot;Girona&quot;,&quot;idcomarca&quot;:&quot;16&quot;,&quot;comarca&quot;:&quot;Giron\u00e8s&quot;}\"\n\t\t\t\t\t\t\t>\n\t\t\t\t\t\t\t\tMe interesa\t\t\t\t\t\t\t<\/a>\n\t\t\t\t\t\t\t\t\t\t\t<\/div>\n\t\t\t\t<\/div>\n\t\t\t<\/div>\n\t\t\t\t\t\t\t\t<div class=\"wp-block-group oferta-card\">\n\t\t\t\t\t\t\t\t\t<img class=\"oferta-card-logo\" src=\"https:\/\/www.organigrama.com\/wp-content\/uploads\/2025\/08\/cropped-Grupo-772-150x150.png\" alt=\"\" loading=\"lazy\" decoding=\"async\" \/>\n\t\t\t\t\t\t\t\t\t\t\t\t\t<p class=\"oferta-date-tag\" style=\"margin:0\">26\/08\/2026<\/p>\n\t\t\t\t\n\t\t\t\t<div class=\"oferta-content-wrapper\">\n\t\t\t\t\t\t\t\t\t\t\t<p class=\"oferta-area-pill\">Recursos Humans<\/p>\n\t\t\t\t\t\n\t\t\t\t\t<h3 class=\"wp-block-heading\">T\u00e8cnic\/a Comptable Assessoria &#8211; Girona Centre<\/h3>\n\n\t\t\t\t\t\t\t\t\t\t\t<p class=\"oferta-card-excerpt\">Assessoria ubicada al centre de Girona busca incorporar un\/a professional per al departament comptable, amb experi\u00e8ncia pr\u00e8via en entorn similar.\r\n\r\nLa persona seleccionada s\u2019integrar\u00e0 en un equip consolidat i s\u2019encarregar\u00e0 de la gesti\u00f3 comptable de diverses empreses clients, treballant amb autonomia i rigor en el dia a dia.\r\n\r\nBusquem un perfil amb experi\u00e8ncia en assessoria o despatx professional, amb capacitat d\u2019organitzaci\u00f3, atenci\u00f3 al detall i bon nivell t\u00e8cnic.\r\n\r\nS\u2019ofereix una posici\u00f3 estable i flexible, amb possibilitat d\u2019adaptar la jornada entre 30 i 40 hores setmanals segons l\u2019encaix amb el candidat\/a.<\/p>\n\t\t\t\t\t\n\t\t\t\t\t<div class=\"oferta-zone-button-row\">\n\t\t\t\t\t\t\t\t\t\t\t\t\t<p class=\"oferta-zona-label\">\n\t\t\t\t\t\t\t\t<span class=\"oferta-zona-label-text\">Zona:<\/span>\n\t\t\t\t\t\t\t\t<span class=\"oferta-zona-name\">Giron\u00e8s<\/span>\n\t\t\t\t\t\t\t<\/p>\n\t\t\t\t\t\t\n\t\t\t\t\t\t\t\t\t\t\t\t\t<a\n\t\t\t\t\t\t\t\tclass=\"wp-block-button__link wp-element-button oferta-web-cta oferta-web-cta--lime oferta-interessa-btn\"\n\t\t\t\t\t\t\t\thref=\"#\"\n\t\t\t\t\t\t\t\tdata-oferta-json=\"{&quot;titol&quot;:&quot;T\u00e8cnic\\\/a Comptable Assessoria - Girona Centre&quot;,&quot;url&quot;:&quot;https:\\\/\\\/www.infofeina.com\\\/ofertes\\\/tecnic-a-comptable-assessoria-girona-centre&quot;,&quot;data_oferta&quot;:&quot;2026-08-26 01:00:01&quot;,&quot;descripcio&quot;:&quot;Assessoria ubicada al centre de Girona busca incorporar un\\\/a professional per al departament comptable, amb experi\u00e8ncia pr\u00e8via en entorn similar.\\r\\n\\r\\nLa persona seleccionada s\u2019integrar\u00e0 en un equip consolidat i s\u2019encarregar\u00e0 de la gesti\u00f3 comptable de diverses empreses clients, treballant amb autonomia i rigor en el dia a dia.\\r\\n\\r\\nBusquem un perfil amb experi\u00e8ncia en assessoria o despatx professional, amb capacitat d\u2019organitzaci\u00f3, atenci\u00f3 al detall i bon nivell t\u00e8cnic.\\r\\n\\r\\nS\u2019ofereix una posici\u00f3 estable i flexible, amb possibilitat d\u2019adaptar la jornada entre 30 i 40 hores setmanals segons l\u2019encaix amb el candidat\\\/a.&quot;,&quot;funcions&quot;:&quot;-Gesti\u00f3 comptable de clients\\r\\n-Introducci\u00f3 d\u2019assentaments comptables\\r\\n-Conciliacions banc\u00e0ries\\r\\n-Preparaci\u00f3 de tancaments comptables\\r\\n-Gesti\u00f3 i revisi\u00f3 de documentaci\u00f3\\r\\n-Suport en obligacions fiscals\\r\\n-Coordinaci\u00f3 amb l\u2019equip i seguiment de clients&quot;,&quot;id_area_oferta&quot;:&quot;9&quot;,&quot;area&quot;:&quot;Recursos Humans&quot;,&quot;id_subarea&quot;:&quot;904&quot;,&quot;subarea&quot;:&quot;Relacions laborals&quot;,&quot;professio&quot;:&quot;Administratiu\\\/va laboral&quot;,&quot;idprovincia&quot;:&quot;8&quot;,&quot;provincia&quot;:&quot;Girona&quot;,&quot;idcomarca&quot;:&quot;16&quot;,&quot;comarca&quot;:&quot;Giron\u00e8s&quot;}\"\n\t\t\t\t\t\t\t>\n\t\t\t\t\t\t\t\tMe interesa\t\t\t\t\t\t\t<\/a>\n\t\t\t\t\t\t\t\t\t\t\t<\/div>\n\t\t\t\t<\/div>\n\t\t\t<\/div>\n\t\t\t<\/div>\n<\/div>\n\n\n\n\n<div class=\"wp-block-buttons is-content-justification-center is-layout-flex wp-container-core-buttons-is-layout-c0bc9f7e wp-block-buttons-is-layout-flex\">\n<div class=\"wp-block-button\"><a class=\"wp-block-button__link wp-element-button\" href=\"https:\/\/www.organigrama.com\/es\/ofertas\/\">Ver todas las ofertas<\/a><\/div>\n<\/div>\n<\/div>\n\n<div class=\"wp-block-group has-global-padding is-layout-constrained wp-container-core-group-is-layout-e5e74c09 wp-block-group-is-layout-constrained\" style=\"padding-top:var(--wp--preset--spacing--40);padding-right:var(--wp--preset--spacing--30);padding-bottom:var(--wp--preset--spacing--40);padding-left:var(--wp--preset--spacing--30)\">\n<h2 class=\"wp-block-heading\">QU\u00c9 DICEN DE NOSOTROS<\/h2>\n\n\n\n<p class=\"wp-block-paragraph\">Opiniones reales en Google de nuestros clientes y personas candidatas<\/p>\n\n\n<pre class=\"ti-widget\" style=\"display: none\"><template id=\"trustindex-google-widget-html\"><div class=\" ti-widget  ti-goog ti-disable-font ti-review-text-mode-readmore ti-content-align-center\" data-no-translation=\"true\" data-time-locale=\"fa %d %s|avui|dia|dies|setmana|setmanes|mes|mesos|any|anys\" data-plugin-version=\"13.3.1\" data-layout-id=\"36\" data-layout-category=\"slider\" data-set-id=\"light-background\" data-pid=\"\" data-language=\"ca\" data-close-locale=\"Tanca\" data-review-target-width=\"300\" data-css-version=\"2\" data-reply-by-locale=\"Resposta del propietari\" data-only-rating-locale=\"Aquest usuari nom\u00e9s ha deixat una valoraci\u00f3.\" data-pager-autoplay-timeout=\"6\"> <div class=\"ti-widget-container ti-col-3\"> <div class=\"ti-reviews-container\"> <div class=\"ti-controls\"> <div class=\"ti-next\" aria-label=\"Ressenya seg\u00fcent\" role=\"button\" tabindex=\"0\"><\/div> <div class=\"ti-prev\" aria-label=\"Ressenya anterior\" role=\"button\" tabindex=\"0\"><\/div> <\/div> <div class=\"ti-reviews-container-wrapper\">  <div data-empty=\"0\" data-time=\"1780531200\" class=\"ti-review-item source-Google ti-image-layout-thumbnail\" data-id=\"cfcd208495d565ef66e7dff9f98764da\" data-language=\"\"> <div class=\"ti-inner\"> <div class=\"ti-review-header\"> <trustindex-image class=\"ti-platform-icon\" data-imgurl=\"https:\/\/cdn.trustindex.io\/assets\/platform\/Google\/icon.svg\" alt=\"Google\" width=\"20\" height=\"20\" loading=\"lazy\"><\/trustindex-image> <div class=\"ti-profile-img\"> <trustindex-image data-imgurl=\"https:\/\/lh3.googleusercontent.com\/a-\/ALV-UjV_i2NcTzk2SACMEPqfjsahAA7OIWjTixgMyZYUCwAAvdb_G6Jagw=w64-h64-c-rp-mo-ba12-br100\" alt=\"Neus Colomer profile picture\" loading=\"lazy\"><\/trustindex-image> <\/div> <div class=\"ti-profile-details\"> <div class=\"ti-name\"> Neus Colomer <\/div> <div class=\"ti-date\"><\/div> <\/div> <\/div> <span class=\"ti-stars\"><trustindex-image class=\"ti-star\" data-imgurl=\"https:\/\/cdn.trustindex.io\/assets\/platform\/Google\/star\/f.svg\" alt=\"Google star 1\" width=\"17\" height=\"17\" loading=\"lazy\"><\/trustindex-image><trustindex-image class=\"ti-star\" data-imgurl=\"https:\/\/cdn.trustindex.io\/assets\/platform\/Google\/star\/f.svg\" alt=\"Google star 2\" width=\"17\" height=\"17\" loading=\"lazy\"><\/trustindex-image><trustindex-image class=\"ti-star\" data-imgurl=\"https:\/\/cdn.trustindex.io\/assets\/platform\/Google\/star\/f.svg\" alt=\"Google star 3\" width=\"17\" height=\"17\" loading=\"lazy\"><\/trustindex-image><trustindex-image class=\"ti-star\" data-imgurl=\"https:\/\/cdn.trustindex.io\/assets\/platform\/Google\/star\/f.svg\" alt=\"Google star 4\" width=\"17\" height=\"17\" loading=\"lazy\"><\/trustindex-image><trustindex-image class=\"ti-star\" data-imgurl=\"https:\/\/cdn.trustindex.io\/assets\/platform\/Google\/star\/f.svg\" alt=\"Google star 5\" width=\"17\" height=\"17\" loading=\"lazy\"><\/trustindex-image><span class=\"ti-verified-review ti-verified-platform\"><span class=\"ti-verified-tooltip\">Trustindex verifica que la font original de la ressenya \u00e9s Google.<\/span><\/span><\/span> <div class=\"ti-review-text-container ti-review-content\"><!-- R-CONTENT -->La meva experi\u00e8ncia amb aquesta empresa de selecci\u00f3 de recursos humans ha estat molt positiva. Des del primer contacte he rebut un tracte molt hum\u00e0, proper i professional, cosa que he valorat especialment durant tot el proc\u00e9s.\n\nLa comunicaci\u00f3 ha estat excel\u00b7lent en tot moment. M'han mantingut informada de cada pas, explicant de manera clara el procediment a seguir i resolent qualsevol dubte amb rapidesa i amabilitat. Aix\u00f2 m'ha perm\u00e8s fer front a cada fase del proc\u00e9s amb confian\u00e7a i tranquil\u00b7litat.\n\nVull destacar la implicaci\u00f3 i comprom\u00eds de l'equip, que ha demostrat un gran inter\u00e8s tant per les necessitats de l'empresa com per les dels candidats. Sens dubte, recomano els seus serveis a qualsevol persona que cerqui una experi\u00e8ncia professional, transparent i basada en un tracte hum\u00e0 de qualitat.<!-- R-CONTENT --><\/div> <span class=\"ti-read-more\" data-container=\".ti-review-content\" data-collapse-text=\"Amaga\" data-open-text=\"Llegir m\u00e9s\"><\/span> <\/div> <\/div>  <div data-empty=\"0\" data-time=\"1778544000\" class=\"ti-review-item source-Google ti-image-layout-thumbnail\" data-id=\"cfcd208495d565ef66e7dff9f98764da\" data-language=\"\"> <div class=\"ti-inner\"> <div class=\"ti-review-header\"> <trustindex-image class=\"ti-platform-icon\" data-imgurl=\"https:\/\/cdn.trustindex.io\/assets\/platform\/Google\/icon.svg\" alt=\"Google\" width=\"20\" height=\"20\" loading=\"lazy\"><\/trustindex-image> <div class=\"ti-profile-img\"> <trustindex-image data-imgurl=\"https:\/\/lh3.googleusercontent.com\/a-\/ALV-UjX6wqoEW1r5Uw6E1N93pjZSW66-TOtqcdz2ApWcp3l-TeFEnc0=w64-h64-c-rp-mo-br100\" alt=\"Chris Goury profile picture\" loading=\"lazy\"><\/trustindex-image> <\/div> <div class=\"ti-profile-details\"> <div class=\"ti-name\"> Chris Goury <\/div> <div class=\"ti-date\"><\/div> <\/div> <\/div> <span class=\"ti-stars\"><trustindex-image class=\"ti-star\" data-imgurl=\"https:\/\/cdn.trustindex.io\/assets\/platform\/Google\/star\/f.svg\" alt=\"Google star 1\" width=\"17\" height=\"17\" loading=\"lazy\"><\/trustindex-image><trustindex-image class=\"ti-star\" data-imgurl=\"https:\/\/cdn.trustindex.io\/assets\/platform\/Google\/star\/f.svg\" alt=\"Google star 2\" width=\"17\" height=\"17\" loading=\"lazy\"><\/trustindex-image><trustindex-image class=\"ti-star\" data-imgurl=\"https:\/\/cdn.trustindex.io\/assets\/platform\/Google\/star\/f.svg\" alt=\"Google star 3\" width=\"17\" height=\"17\" loading=\"lazy\"><\/trustindex-image><trustindex-image class=\"ti-star\" data-imgurl=\"https:\/\/cdn.trustindex.io\/assets\/platform\/Google\/star\/f.svg\" alt=\"Google star 4\" width=\"17\" height=\"17\" loading=\"lazy\"><\/trustindex-image><trustindex-image class=\"ti-star\" data-imgurl=\"https:\/\/cdn.trustindex.io\/assets\/platform\/Google\/star\/f.svg\" alt=\"Google star 5\" width=\"17\" height=\"17\" loading=\"lazy\"><\/trustindex-image><span class=\"ti-verified-review ti-verified-platform\"><span class=\"ti-verified-tooltip\">Trustindex verifica que la font original de la ressenya \u00e9s Google.<\/span><\/span><\/span> <div class=\"ti-review-text-container ti-review-content\"><!-- R-CONTENT -->Molt bona experi\u00e8ncia amb Organigrama durant el proc\u00e9s de selecci\u00f3. Tracte molt professional i proper, amb una comunicaci\u00f3 clara i bona atenci\u00f3 en tot moment. Moltes gr\u00e0cies per l\u2019acompanyament i la confian\u00e7a!<!-- R-CONTENT --><\/div> <span class=\"ti-read-more\" data-container=\".ti-review-content\" data-collapse-text=\"Amaga\" data-open-text=\"Llegir m\u00e9s\"><\/span> <\/div> <\/div>  <div data-empty=\"0\" data-time=\"1778457600\" class=\"ti-review-item source-Google ti-image-layout-thumbnail\" data-id=\"cfcd208495d565ef66e7dff9f98764da\" data-language=\"\"> <div class=\"ti-inner\"> <div class=\"ti-review-header\"> <trustindex-image class=\"ti-platform-icon\" data-imgurl=\"https:\/\/cdn.trustindex.io\/assets\/platform\/Google\/icon.svg\" alt=\"Google\" width=\"20\" height=\"20\" loading=\"lazy\"><\/trustindex-image> <div class=\"ti-profile-img\"> <trustindex-image data-imgurl=\"https:\/\/lh3.googleusercontent.com\/a-\/ALV-UjXQGOlcbrsGwpPtkoJ9E6HShkmgvlfYMqU6Da29XZnDwAl4jdO7=w64-h64-c-rp-mo-br100\" alt=\"marta mozota hern\u00e1ndez profile picture\" loading=\"lazy\"><\/trustindex-image> <\/div> <div class=\"ti-profile-details\"> <div class=\"ti-name\"> marta mozota hern\u00e1ndez <\/div> <div class=\"ti-date\"><\/div> <\/div> <\/div> <span class=\"ti-stars\"><trustindex-image class=\"ti-star\" data-imgurl=\"https:\/\/cdn.trustindex.io\/assets\/platform\/Google\/star\/f.svg\" alt=\"Google star 1\" width=\"17\" height=\"17\" loading=\"lazy\"><\/trustindex-image><trustindex-image class=\"ti-star\" data-imgurl=\"https:\/\/cdn.trustindex.io\/assets\/platform\/Google\/star\/f.svg\" alt=\"Google star 2\" width=\"17\" height=\"17\" loading=\"lazy\"><\/trustindex-image><trustindex-image class=\"ti-star\" data-imgurl=\"https:\/\/cdn.trustindex.io\/assets\/platform\/Google\/star\/f.svg\" alt=\"Google star 3\" width=\"17\" height=\"17\" loading=\"lazy\"><\/trustindex-image><trustindex-image class=\"ti-star\" data-imgurl=\"https:\/\/cdn.trustindex.io\/assets\/platform\/Google\/star\/f.svg\" alt=\"Google star 4\" width=\"17\" height=\"17\" loading=\"lazy\"><\/trustindex-image><trustindex-image class=\"ti-star\" data-imgurl=\"https:\/\/cdn.trustindex.io\/assets\/platform\/Google\/star\/f.svg\" alt=\"Google star 5\" width=\"17\" height=\"17\" loading=\"lazy\"><\/trustindex-image><span class=\"ti-verified-review ti-verified-platform\"><span class=\"ti-verified-tooltip\">Trustindex verifica que la font original de la ressenya \u00e9s Google.<\/span><\/span><\/span> <div class=\"ti-review-text-container ti-review-content\"><!-- R-CONTENT -->Molt bon tracte!<!-- R-CONTENT --><\/div> <span class=\"ti-read-more\" data-container=\".ti-review-content\" data-collapse-text=\"Amaga\" data-open-text=\"Llegir m\u00e9s\"><\/span> <\/div> <\/div>  <div data-empty=\"0\" data-time=\"1778457600\" class=\"ti-review-item source-Google ti-image-layout-thumbnail\" data-id=\"cfcd208495d565ef66e7dff9f98764da\" data-language=\"\"> <div class=\"ti-inner\"> <div class=\"ti-review-header\"> <trustindex-image class=\"ti-platform-icon\" data-imgurl=\"https:\/\/cdn.trustindex.io\/assets\/platform\/Google\/icon.svg\" alt=\"Google\" width=\"20\" height=\"20\" loading=\"lazy\"><\/trustindex-image> <div class=\"ti-profile-img\"> <trustindex-image data-imgurl=\"https:\/\/lh3.googleusercontent.com\/a\/ACg8ocLJ7jIXEKetTDWwn4jn8z0hYbpHIGfA4JxcZTdTmRNeakVC-A=w64-h64-c-rp-mo-br100\" alt=\"Carlos Fernandez profile picture\" loading=\"lazy\"><\/trustindex-image> <\/div> <div class=\"ti-profile-details\"> <div class=\"ti-name\"> Carlos Fernandez <\/div> <div class=\"ti-date\"><\/div> <\/div> <\/div> <span class=\"ti-stars\"><trustindex-image class=\"ti-star\" data-imgurl=\"https:\/\/cdn.trustindex.io\/assets\/platform\/Google\/star\/f.svg\" alt=\"Google star 1\" width=\"17\" height=\"17\" loading=\"lazy\"><\/trustindex-image><trustindex-image class=\"ti-star\" data-imgurl=\"https:\/\/cdn.trustindex.io\/assets\/platform\/Google\/star\/f.svg\" alt=\"Google star 2\" width=\"17\" height=\"17\" loading=\"lazy\"><\/trustindex-image><trustindex-image class=\"ti-star\" data-imgurl=\"https:\/\/cdn.trustindex.io\/assets\/platform\/Google\/star\/f.svg\" alt=\"Google star 3\" width=\"17\" height=\"17\" loading=\"lazy\"><\/trustindex-image><trustindex-image class=\"ti-star\" data-imgurl=\"https:\/\/cdn.trustindex.io\/assets\/platform\/Google\/star\/f.svg\" alt=\"Google star 4\" width=\"17\" height=\"17\" loading=\"lazy\"><\/trustindex-image><trustindex-image class=\"ti-star\" data-imgurl=\"https:\/\/cdn.trustindex.io\/assets\/platform\/Google\/star\/f.svg\" alt=\"Google star 5\" width=\"17\" height=\"17\" loading=\"lazy\"><\/trustindex-image><span class=\"ti-verified-review ti-verified-platform\"><span class=\"ti-verified-tooltip\">Trustindex verifica que la font original de la ressenya \u00e9s Google.<\/span><\/span><\/span> <div class=\"ti-review-text-container ti-review-content\"><!-- R-CONTENT -->Muy bien todo eligieron el empleo acorde para m\u00ed y con toda la atenci\u00f3n que necesitaba durante el proceso de selecci\u00f3n<!-- R-CONTENT --><\/div> <span class=\"ti-read-more\" data-container=\".ti-review-content\" data-collapse-text=\"Amaga\" data-open-text=\"Llegir m\u00e9s\"><\/span> <\/div> <\/div>  <div data-empty=\"0\" data-time=\"1776297600\" class=\"ti-review-item source-Google ti-image-layout-thumbnail\" data-id=\"cfcd208495d565ef66e7dff9f98764da\" data-language=\"\"> <div class=\"ti-inner\"> <div class=\"ti-review-header\"> <trustindex-image class=\"ti-platform-icon\" data-imgurl=\"https:\/\/cdn.trustindex.io\/assets\/platform\/Google\/icon.svg\" alt=\"Google\" width=\"20\" height=\"20\" loading=\"lazy\"><\/trustindex-image> <div class=\"ti-profile-img\"> <trustindex-image data-imgurl=\"https:\/\/lh3.googleusercontent.com\/a-\/ALV-UjWhuXcGRLMmzKD--1nLO8mhPoEAZJ2uKakpC9T5Ln7LAShQGGCM=w64-h64-c-rp-mo-br100\" alt=\"arani 22 profile picture\" loading=\"lazy\"><\/trustindex-image> <\/div> <div class=\"ti-profile-details\"> <div class=\"ti-name\"> arani 22 <\/div> <div class=\"ti-date\"><\/div> <\/div> <\/div> <span class=\"ti-stars\"><trustindex-image class=\"ti-star\" data-imgurl=\"https:\/\/cdn.trustindex.io\/assets\/platform\/Google\/star\/f.svg\" alt=\"Google star 1\" width=\"17\" height=\"17\" loading=\"lazy\"><\/trustindex-image><trustindex-image class=\"ti-star\" data-imgurl=\"https:\/\/cdn.trustindex.io\/assets\/platform\/Google\/star\/f.svg\" alt=\"Google star 2\" width=\"17\" height=\"17\" loading=\"lazy\"><\/trustindex-image><trustindex-image class=\"ti-star\" data-imgurl=\"https:\/\/cdn.trustindex.io\/assets\/platform\/Google\/star\/f.svg\" alt=\"Google star 3\" width=\"17\" height=\"17\" loading=\"lazy\"><\/trustindex-image><trustindex-image class=\"ti-star\" data-imgurl=\"https:\/\/cdn.trustindex.io\/assets\/platform\/Google\/star\/f.svg\" alt=\"Google star 4\" width=\"17\" height=\"17\" loading=\"lazy\"><\/trustindex-image><trustindex-image class=\"ti-star\" data-imgurl=\"https:\/\/cdn.trustindex.io\/assets\/platform\/Google\/star\/f.svg\" alt=\"Google star 5\" width=\"17\" height=\"17\" loading=\"lazy\"><\/trustindex-image><span class=\"ti-verified-review ti-verified-platform\"><span class=\"ti-verified-tooltip\">Trustindex verifica que la font original de la ressenya \u00e9s Google.<\/span><\/span><\/span> <div class=\"ti-review-text-container ti-review-content\"><!-- R-CONTENT -->Profesionales en selecci\u00f3n y trato excelente<!-- R-CONTENT --><\/div> <span class=\"ti-read-more\" data-container=\".ti-review-content\" data-collapse-text=\"Amaga\" data-open-text=\"Llegir m\u00e9s\"><\/span> <\/div> <\/div>  <div data-empty=\"0\" data-time=\"1774483200\" class=\"ti-review-item source-Google ti-image-layout-thumbnail\" data-id=\"cfcd208495d565ef66e7dff9f98764da\" data-language=\"\"> <div class=\"ti-inner\"> <div class=\"ti-review-header\"> <trustindex-image class=\"ti-platform-icon\" data-imgurl=\"https:\/\/cdn.trustindex.io\/assets\/platform\/Google\/icon.svg\" alt=\"Google\" width=\"20\" height=\"20\" loading=\"lazy\"><\/trustindex-image> <div class=\"ti-profile-img\"> <trustindex-image data-imgurl=\"https:\/\/lh3.googleusercontent.com\/a\/ACg8ocKCMdCdn8o6njm7rvIa8YqCZqzw9CSjAaW73stA4BazaAyn5Q=w64-h64-c-rp-mo-br100\" alt=\"Carles surrell mas profile picture\" loading=\"lazy\"><\/trustindex-image> <\/div> <div class=\"ti-profile-details\"> <div class=\"ti-name\"> Carles surrell mas <\/div> <div class=\"ti-date\"><\/div> <\/div> <\/div> <span class=\"ti-stars\"><trustindex-image class=\"ti-star\" data-imgurl=\"https:\/\/cdn.trustindex.io\/assets\/platform\/Google\/star\/f.svg\" alt=\"Google star 1\" width=\"17\" height=\"17\" loading=\"lazy\"><\/trustindex-image><trustindex-image class=\"ti-star\" data-imgurl=\"https:\/\/cdn.trustindex.io\/assets\/platform\/Google\/star\/f.svg\" alt=\"Google star 2\" width=\"17\" height=\"17\" loading=\"lazy\"><\/trustindex-image><trustindex-image class=\"ti-star\" data-imgurl=\"https:\/\/cdn.trustindex.io\/assets\/platform\/Google\/star\/f.svg\" alt=\"Google star 3\" width=\"17\" height=\"17\" loading=\"lazy\"><\/trustindex-image><trustindex-image class=\"ti-star\" data-imgurl=\"https:\/\/cdn.trustindex.io\/assets\/platform\/Google\/star\/f.svg\" alt=\"Google star 4\" width=\"17\" height=\"17\" loading=\"lazy\"><\/trustindex-image><trustindex-image class=\"ti-star\" data-imgurl=\"https:\/\/cdn.trustindex.io\/assets\/platform\/Google\/star\/f.svg\" alt=\"Google star 5\" width=\"17\" height=\"17\" loading=\"lazy\"><\/trustindex-image><span class=\"ti-verified-review ti-verified-platform\"><span class=\"ti-verified-tooltip\">Trustindex verifica que la font original de la ressenya \u00e9s Google.<\/span><\/span><\/span> <div class=\"ti-review-text-container ti-review-content\"><!-- R-CONTENT -->Em vaig quedar sense feina i menys de dos mesos ORGANIGRAMA me\u2019n van trobar una. Tenen un tracte proper i educat i mot professionals en la gesti\u00f3 de trobar una feina que encaxi amb el teu perfil. Moltes gr\u00e0cies feu molt bona feina!<!-- R-CONTENT --><\/div> <span class=\"ti-read-more\" data-container=\".ti-review-content\" data-collapse-text=\"Amaga\" data-open-text=\"Llegir m\u00e9s\"><\/span> <\/div> <\/div>  <div data-empty=\"0\" data-time=\"1773619200\" class=\"ti-review-item source-Google ti-image-layout-thumbnail\" data-id=\"cfcd208495d565ef66e7dff9f98764da\" data-language=\"\"> <div class=\"ti-inner\"> <div class=\"ti-review-header\"> <trustindex-image class=\"ti-platform-icon\" data-imgurl=\"https:\/\/cdn.trustindex.io\/assets\/platform\/Google\/icon.svg\" alt=\"Google\" width=\"20\" height=\"20\" loading=\"lazy\"><\/trustindex-image> <div class=\"ti-profile-img\"> <trustindex-image data-imgurl=\"https:\/\/lh3.googleusercontent.com\/a-\/ALV-UjXEsUWSsmffJa7d8ZoPUxClj7C5YV3Rxs4WNKlIQzGkD1GJgNMq=w64-h64-c-rp-mo-ba12-br100\" alt=\"Cori E profile picture\" loading=\"lazy\"><\/trustindex-image> <\/div> <div class=\"ti-profile-details\"> <div class=\"ti-name\"> Cori E <\/div> <div class=\"ti-date\"><\/div> <\/div> <\/div> <span class=\"ti-stars\"><trustindex-image class=\"ti-star\" data-imgurl=\"https:\/\/cdn.trustindex.io\/assets\/platform\/Google\/star\/f.svg\" alt=\"Google star 1\" width=\"17\" height=\"17\" loading=\"lazy\"><\/trustindex-image><trustindex-image class=\"ti-star\" data-imgurl=\"https:\/\/cdn.trustindex.io\/assets\/platform\/Google\/star\/f.svg\" alt=\"Google star 2\" width=\"17\" height=\"17\" loading=\"lazy\"><\/trustindex-image><trustindex-image class=\"ti-star\" data-imgurl=\"https:\/\/cdn.trustindex.io\/assets\/platform\/Google\/star\/f.svg\" alt=\"Google star 3\" width=\"17\" height=\"17\" loading=\"lazy\"><\/trustindex-image><trustindex-image class=\"ti-star\" data-imgurl=\"https:\/\/cdn.trustindex.io\/assets\/platform\/Google\/star\/f.svg\" alt=\"Google star 4\" width=\"17\" height=\"17\" loading=\"lazy\"><\/trustindex-image><trustindex-image class=\"ti-star\" data-imgurl=\"https:\/\/cdn.trustindex.io\/assets\/platform\/Google\/star\/f.svg\" alt=\"Google star 5\" width=\"17\" height=\"17\" loading=\"lazy\"><\/trustindex-image><span class=\"ti-verified-review ti-verified-platform\"><span class=\"ti-verified-tooltip\">Trustindex verifica que la font original de la ressenya \u00e9s Google.<\/span><\/span><\/span> <div class=\"ti-review-text-container ti-review-content\"><!-- R-CONTENT -->Tracte amable i personalitzat, informaci\u00f3 clara, la meva experi\u00e8ncia  ha estat molt positiva amb el proc\u00e9s de selecci\u00f3.<!-- R-CONTENT --><\/div> <span class=\"ti-read-more\" data-container=\".ti-review-content\" data-collapse-text=\"Amaga\" data-open-text=\"Llegir m\u00e9s\"><\/span> <\/div> <\/div>  <\/div> <div class=\"ti-controls-line\"> <div class=\"dot\"><\/div> <\/div> <\/div>    <div class=\"ti-verified-by ti-verified-by-row\" data-style=\"1\"> <div class=\"ti-inner\"> Verificat per Trustindex <span class=\"ti-info-icon\"><\/span> <div class=\"ti-disclaimer\">La ins\u00edgnia verificada de Trustindex \u00e9s el s\u00edmbol universal de confian\u00e7a. Nom\u00e9s les millors empreses poden obtenir la ins\u00edgnia verificada si tenen una puntuaci\u00f3 de ressenya superior a 4.5, basada en les ressenyes dels clients durant els darrers 12 mesos. <a href=\"https:\/\/www.trustindex.io\/?a=sys&amp;c=wp-verified-badge&amp;url=\/the-trustindex-verified-badge\/\" target=\"_blank\">Llegiu-ne m\u00e9s<\/a><\/div> <\/div> <\/div>  <\/div> <\/div> <\/template><\/pre><div data-src=\"https:\/\/cdn.trustindex.io\/loader.js?wp-widget\" data-template-id=\"trustindex-google-widget-html\" data-css-url=\"https:\/\/www.organigrama.com\/wp-content\/uploads\/trustindex-google-widget.css?1778830164\"><\/div>\n<\/div>\n\n<div class=\"wp-block-group alignfull has-tertiary-background-color has-background has-global-padding is-layout-constrained wp-container-core-group-is-layout-93543eae wp-block-group-is-layout-constrained\" style=\"padding-top:var(--wp--preset--spacing--40);padding-bottom:var(--wp--preset--spacing--40)\">\n<div class=\"wp-block-group is-content-justification-center is-layout-flex wp-container-core-group-is-layout-b7d8b0a4 wp-block-group-is-layout-flex\">\n<figure class=\"wp-block-image size-full\"><img loading=\"lazy\" decoding=\"async\" width=\"257\" height=\"284\" src=\"https:\/\/www.organigrama.com\/wp-content\/uploads\/2025\/08\/Img-Qui-som.png\" alt=\"\" class=\"wp-image-69\"\/><\/figure>\n\n\n\n<div class=\"wp-block-group has-global-padding is-content-justification-left is-layout-constrained wp-container-core-group-is-layout-98af9f29 wp-block-group-is-layout-constrained\">\n<h3 class=\"wp-block-heading\">ESPECIALISTAS en recursos humanos<\/h3>\n\n\n\n<hr class=\"wp-block-separator has-text-color has-foreground-color has-alpha-channel-opacity has-foreground-background-color has-background\"\/>\n\n\n\n<p class=\"wp-block-paragraph\">Hemos acompa\u00f1ado a muchas empresas a la resoluci\u00f3n de retos relacionados en la gesti\u00f3n de personal.<br\/> Ayudamos a identificar soluciones efectivas y adaptadas a sus necesidades reales.<br\/> Puede confiar en nuestros servicios de selecci\u00f3n de personal y psicolog\u00eda industrial.<\/p>\n\n\n\n<div class=\"wp-block-buttons is-layout-flex wp-block-buttons-is-layout-flex\">\n<div class=\"wp-block-button\"><a class=\"wp-block-button__link wp-element-button\" href=\"https:\/\/www.organigrama.com\/es\/acceso-empresas\/\">ACCEDA A TODOS LOS SERVICIOS<\/a><\/div>\n<\/div>\n<\/div>\n<\/div>\n<\/div>\n\n<div class=\"wp-block-group has-global-padding is-layout-constrained wp-container-core-group-is-layout-92de2eb2 wp-block-group-is-layout-constrained\" style=\"padding-top:var(--wp--preset--spacing--50);padding-right:var(--wp--preset--spacing--30);padding-bottom:var(--wp--preset--spacing--50);padding-left:var(--wp--preset--spacing--30)\">\n<div class=\"wp-block-group has-global-padding is-layout-constrained wp-block-group-is-layout-constrained\">\n<h3 class=\"wp-block-heading has-text-align-center has-x-large-font-size\">Noticias destacadas<\/h3>\n\n\n\n<hr class=\"wp-block-separator has-text-color has-foreground-color has-alpha-channel-opacity has-foreground-background-color has-background\"\/>\n<\/div>\n\n\n\n<div class=\"wp-block-query is-layout-flow wp-block-query-is-layout-flow\"><ul class=\"columns-3 wp-block-post-template is-layout-grid wp-container-core-post-template-is-layout-4505e593 wp-block-post-template-is-layout-grid\"><li class=\"wp-block-post post-3191 post type-post status-publish format-standard has-post-thumbnail hentry category-noticias\">\n\n<div class=\"wp-block-group alignwide has-border-color has-global-padding is-layout-constrained wp-container-core-group-is-layout-8bf2fcb4 wp-block-group-is-layout-constrained\" style=\"border-color:#e7e7e7;border-width:1px;min-height:0px;padding-right:0;padding-bottom:var(--wp--preset--spacing--20);padding-left:0\"><figure style=\"margin-bottom:0\" class=\"alignwide wp-block-post-featured-image\"><a href=\"https:\/\/www.organigrama.com\/es\/noticias\/que-son-los-workarounds-funcionan\/\" target=\"_self\"  ><img loading=\"lazy\" decoding=\"async\" width=\"800\" height=\"400\" src=\"https:\/\/www.organigrama.com\/wp-content\/uploads\/uploads_images_entradas__800x400_c_workaround-que-es-funcionan.jpg\" class=\"attachment-large size-large wp-post-image\" alt=\"\u00bfQu\u00e9 son los workarounds: funcionan?\" style=\"object-fit:cover;\" srcset=\"https:\/\/www.organigrama.com\/wp-content\/uploads\/uploads_images_entradas__800x400_c_workaround-que-es-funcionan.jpg 800w, https:\/\/www.organigrama.com\/wp-content\/uploads\/uploads_images_entradas__800x400_c_workaround-que-es-funcionan-450x225.jpg 450w, https:\/\/www.organigrama.com\/wp-content\/uploads\/uploads_images_entradas__800x400_c_workaround-que-es-funcionan-768x384.jpg 768w\" sizes=\"auto, (max-width: 800px) 100vw, 800px\" \/><\/a><\/figure>\n\n\n<div class=\"wp-block-group has-global-padding is-layout-constrained wp-container-core-group-is-layout-1758bac4 wp-block-group-is-layout-constrained\" style=\"padding-top:var(--wp--preset--spacing--20);padding-right:var(--wp--preset--spacing--20);padding-bottom:var(--wp--preset--spacing--20);padding-left:var(--wp--preset--spacing--20)\">\n<div class=\"wp-block-group has-global-padding is-layout-constrained wp-container-core-group-is-layout-d930839a wp-block-group-is-layout-constrained\"><h4 style=\"font-size:clamp(1.039rem, 1.039rem + ((1vw - 0.2rem) * 0.701), 1.6rem);text-transform:none\" class=\"has-link-color wp-elements-62f71c524b5efb51265ba99488d3eecb wp-block-post-title has-text-color has-primary-color\"><a href=\"https:\/\/www.organigrama.com\/es\/noticias\/que-son-los-workarounds-funcionan\/\" target=\"_self\" >\u00bfQu\u00e9 son los workarounds: funcionan?<\/a><\/h4>\n\n<div style=\"font-size:clamp(14px, 0.875rem + ((1vw - 3.2px) * 0.156), 16px)\" class=\"wp-block-post-date\"><time datetime=\"2026-05-13T15:38:54+00:00\">13\/05\/2026<\/time><\/div><\/div>\n\n\n<div class=\"has-link-color wp-elements-8248df113a13e6c899eb58b7367e88bd wp-block-post-excerpt has-text-color has-custom-secondary-text-color\"><p class=\"wp-block-post-excerpt__excerpt\">En cualquier entorno de trabajo, especialmente en aquellos en los que la presi\u00f3n y la rapidez forman parte del d\u00eda a d\u00eda, es habitual encontrar soluciones improvisadas para seguir avanzando. Ante un error, una limitaci\u00f3n t\u00e9cnica o un proceso que no funciona como deber\u00eda, muchas organizaciones optan por una v\u00eda alternativa que permite seguir operando&#8230;. <\/p><\/div><\/div>\n<\/div>\n\n<\/li><li class=\"wp-block-post post-3196 post type-post status-publish format-standard has-post-thumbnail hentry category-noticias\">\n\n<div class=\"wp-block-group alignwide has-border-color has-global-padding is-layout-constrained wp-container-core-group-is-layout-8bf2fcb4 wp-block-group-is-layout-constrained\" style=\"border-color:#e7e7e7;border-width:1px;min-height:0px;padding-right:0;padding-bottom:var(--wp--preset--spacing--20);padding-left:0\"><figure style=\"margin-bottom:0\" class=\"alignwide wp-block-post-featured-image\"><a href=\"https:\/\/www.organigrama.com\/es\/noticias\/organigrama-participa-en-el-foro-industrial-de-la-udg-conectando-talento-y-empresa\/\" target=\"_self\"  ><img loading=\"lazy\" decoding=\"async\" width=\"800\" height=\"400\" src=\"https:\/\/www.organigrama.com\/wp-content\/uploads\/uploads_images_entradas_organigrama-participa-al-forum-industrial-de-la-udg_800x400_c_forum-udg-2026.jpg\" class=\"attachment-large size-large wp-post-image\" alt=\"Organigrama participa en el Foro Industrial de la UdG: conectando talento y empresa\" style=\"object-fit:cover;\" srcset=\"https:\/\/www.organigrama.com\/wp-content\/uploads\/uploads_images_entradas_organigrama-participa-al-forum-industrial-de-la-udg_800x400_c_forum-udg-2026.jpg 800w, https:\/\/www.organigrama.com\/wp-content\/uploads\/uploads_images_entradas_organigrama-participa-al-forum-industrial-de-la-udg_800x400_c_forum-udg-2026-450x225.jpg 450w, https:\/\/www.organigrama.com\/wp-content\/uploads\/uploads_images_entradas_organigrama-participa-al-forum-industrial-de-la-udg_800x400_c_forum-udg-2026-768x384.jpg 768w\" sizes=\"auto, (max-width: 800px) 100vw, 800px\" \/><\/a><\/figure>\n\n\n<div class=\"wp-block-group has-global-padding is-layout-constrained wp-container-core-group-is-layout-1758bac4 wp-block-group-is-layout-constrained\" style=\"padding-top:var(--wp--preset--spacing--20);padding-right:var(--wp--preset--spacing--20);padding-bottom:var(--wp--preset--spacing--20);padding-left:var(--wp--preset--spacing--20)\">\n<div class=\"wp-block-group has-global-padding is-layout-constrained wp-container-core-group-is-layout-d930839a wp-block-group-is-layout-constrained\"><h4 style=\"font-size:clamp(1.039rem, 1.039rem + ((1vw - 0.2rem) * 0.701), 1.6rem);text-transform:none\" class=\"has-link-color wp-elements-62f71c524b5efb51265ba99488d3eecb wp-block-post-title has-text-color has-primary-color\"><a href=\"https:\/\/www.organigrama.com\/es\/noticias\/organigrama-participa-en-el-foro-industrial-de-la-udg-conectando-talento-y-empresa\/\" target=\"_self\" >Organigrama participa en el Foro Industrial de la UdG: conectando talento y empresa<\/a><\/h4>\n\n<div style=\"font-size:clamp(14px, 0.875rem + ((1vw - 3.2px) * 0.156), 16px)\" class=\"wp-block-post-date\"><time datetime=\"2026-04-28T15:37:14+00:00\">28\/04\/2026<\/time><\/div><\/div>\n\n\n<div class=\"has-link-color wp-elements-8248df113a13e6c899eb58b7367e88bd wp-block-post-excerpt has-text-color has-custom-secondary-text-color\"><p class=\"wp-block-post-excerpt__excerpt\">Este pasado mi\u00e9rcoles 22 de abril de 2026 , Organigrama estuvo presente en el Foro Industrial de la Universidad de Girona (UdG) , un evento de referencia que conecta estudiantes, reci\u00e9n graduados y empresas del territorio. Un punto de encuentro entre talento joven y empresas El F\u00f3rum Industrial se ha consolidado como un espacio clave&#8230; <\/p><\/div><\/div>\n<\/div>\n\n<\/li><li class=\"wp-block-post post-3188 post type-post status-publish format-standard has-post-thumbnail hentry category-noticias\">\n\n<div class=\"wp-block-group alignwide has-border-color has-global-padding is-layout-constrained wp-container-core-group-is-layout-8bf2fcb4 wp-block-group-is-layout-constrained\" style=\"border-color:#e7e7e7;border-width:1px;min-height:0px;padding-right:0;padding-bottom:var(--wp--preset--spacing--20);padding-left:0\"><figure style=\"margin-bottom:0\" class=\"alignwide wp-block-post-featured-image\"><a href=\"https:\/\/www.organigrama.com\/es\/noticias\/como-identificar-los-sitios-clave-en-una-empresa\/\" target=\"_self\"  ><img loading=\"lazy\" decoding=\"async\" width=\"800\" height=\"400\" src=\"https:\/\/www.organigrama.com\/wp-content\/uploads\/uploads_images_entradas__800x400_c_identificar-puestos-clave-en-una-empresa.jpg\" class=\"attachment-large size-large wp-post-image\" alt=\"C\u00f3mo identificar los sitios clave en una empresa\" style=\"object-fit:cover;\" srcset=\"https:\/\/www.organigrama.com\/wp-content\/uploads\/uploads_images_entradas__800x400_c_identificar-puestos-clave-en-una-empresa.jpg 800w, https:\/\/www.organigrama.com\/wp-content\/uploads\/uploads_images_entradas__800x400_c_identificar-puestos-clave-en-una-empresa-450x225.jpg 450w, https:\/\/www.organigrama.com\/wp-content\/uploads\/uploads_images_entradas__800x400_c_identificar-puestos-clave-en-una-empresa-768x384.jpg 768w\" sizes=\"auto, (max-width: 800px) 100vw, 800px\" \/><\/a><\/figure>\n\n\n<div class=\"wp-block-group has-global-padding is-layout-constrained wp-container-core-group-is-layout-1758bac4 wp-block-group-is-layout-constrained\" style=\"padding-top:var(--wp--preset--spacing--20);padding-right:var(--wp--preset--spacing--20);padding-bottom:var(--wp--preset--spacing--20);padding-left:var(--wp--preset--spacing--20)\">\n<div class=\"wp-block-group has-global-padding is-layout-constrained wp-container-core-group-is-layout-d930839a wp-block-group-is-layout-constrained\"><h4 style=\"font-size:clamp(1.039rem, 1.039rem + ((1vw - 0.2rem) * 0.701), 1.6rem);text-transform:none\" class=\"has-link-color wp-elements-62f71c524b5efb51265ba99488d3eecb wp-block-post-title has-text-color has-primary-color\"><a href=\"https:\/\/www.organigrama.com\/es\/noticias\/como-identificar-los-sitios-clave-en-una-empresa\/\" target=\"_self\" >C\u00f3mo identificar los sitios clave en una empresa<\/a><\/h4>\n\n<div style=\"font-size:clamp(14px, 0.875rem + ((1vw - 3.2px) * 0.156), 16px)\" class=\"wp-block-post-date\"><time datetime=\"2026-04-22T15:26:49+00:00\">22\/04\/2026<\/time><\/div><\/div>\n\n\n<div class=\"has-link-color wp-elements-8248df113a13e6c899eb58b7367e88bd wp-block-post-excerpt has-text-color has-custom-secondary-text-color\"><p class=\"wp-block-post-excerpt__excerpt\">Detectar qu\u00e9 roles son realmente cr\u00edticos dentro de una empresa no es tan evidente como puede parecer. De hecho, muchas organizaciones operan durante a\u00f1os sin tener una respuesta clara a esa pregunta. C\u00f3mo identificar los puestos clave en una empresa no consiste en se\u00f1alar los cargos m\u00e1s altos del organigrama, sino en entender qu\u00e9 posiciones&#8230; <\/p><\/div><\/div>\n<\/div>\n\n<\/li><li class=\"wp-block-post post-3193 post type-post status-publish format-standard has-post-thumbnail hentry category-noticias\">\n\n<div class=\"wp-block-group alignwide has-border-color has-global-padding is-layout-constrained wp-container-core-group-is-layout-8bf2fcb4 wp-block-group-is-layout-constrained\" style=\"border-color:#e7e7e7;border-width:1px;min-height:0px;padding-right:0;padding-bottom:var(--wp--preset--spacing--20);padding-left:0\"><figure style=\"margin-bottom:0\" class=\"alignwide wp-block-post-featured-image\"><a href=\"https:\/\/www.organigrama.com\/es\/noticias\/que-son-las-soft-skills-y-por-que-pueden-decidir-tu-contratacion\/\" target=\"_self\"  ><img loading=\"lazy\" decoding=\"async\" width=\"800\" height=\"400\" src=\"https:\/\/www.organigrama.com\/wp-content\/uploads\/uploads_images_entradas__800x400_c_soft-skills.jpg\" class=\"attachment-large size-large wp-post-image\" alt=\"\u00bfQu\u00e9 son las soft skills y por qu\u00e9 pueden decidir tu contrataci\u00f3n\" style=\"object-fit:cover;\" srcset=\"https:\/\/www.organigrama.com\/wp-content\/uploads\/uploads_images_entradas__800x400_c_soft-skills.jpg 800w, https:\/\/www.organigrama.com\/wp-content\/uploads\/uploads_images_entradas__800x400_c_soft-skills-450x225.jpg 450w, https:\/\/www.organigrama.com\/wp-content\/uploads\/uploads_images_entradas__800x400_c_soft-skills-768x384.jpg 768w\" sizes=\"auto, (max-width: 800px) 100vw, 800px\" \/><\/a><\/figure>\n\n\n<div class=\"wp-block-group has-global-padding is-layout-constrained wp-container-core-group-is-layout-1758bac4 wp-block-group-is-layout-constrained\" style=\"padding-top:var(--wp--preset--spacing--20);padding-right:var(--wp--preset--spacing--20);padding-bottom:var(--wp--preset--spacing--20);padding-left:var(--wp--preset--spacing--20)\">\n<div class=\"wp-block-group has-global-padding is-layout-constrained wp-container-core-group-is-layout-d930839a wp-block-group-is-layout-constrained\"><h4 style=\"font-size:clamp(1.039rem, 1.039rem + ((1vw - 0.2rem) * 0.701), 1.6rem);text-transform:none\" class=\"has-link-color wp-elements-62f71c524b5efb51265ba99488d3eecb wp-block-post-title has-text-color has-primary-color\"><a href=\"https:\/\/www.organigrama.com\/es\/noticias\/que-son-las-soft-skills-y-por-que-pueden-decidir-tu-contratacion\/\" target=\"_self\" >\u00bfQu\u00e9 son las soft skills y por qu\u00e9 pueden decidir tu contrataci\u00f3n<\/a><\/h4>\n\n<div style=\"font-size:clamp(14px, 0.875rem + ((1vw - 3.2px) * 0.156), 16px)\" class=\"wp-block-post-date\"><time datetime=\"2026-04-01T15:19:41+00:00\">01\/04\/2026<\/time><\/div><\/div>\n\n\n<div class=\"has-link-color wp-elements-8248df113a13e6c899eb58b7367e88bd wp-block-post-excerpt has-text-color has-custom-secondary-text-color\"><p class=\"wp-block-post-excerpt__excerpt\">\u00bfQu\u00e9 son las soft skills Las soft skills son habilidades personales, sociales y comunicativas que determinan c\u00f3mo una persona se relaciona con los dem\u00e1s, c\u00f3mo afronta problemas o c\u00f3mo se adapta a diferentes situaciones laborales. A diferencia de las hard skills (conocimientos t\u00e9cnicos, titulaciones o competencias espec\u00edficas), las soft skills est\u00e1n relacionadas con el comportamiento,&#8230; <\/p><\/div><\/div>\n<\/div>\n\n<\/li><li class=\"wp-block-post post-2672 post type-post status-publish format-standard has-post-thumbnail hentry category-noticias\">\n\n<div class=\"wp-block-group alignwide has-border-color has-global-padding is-layout-constrained wp-container-core-group-is-layout-8bf2fcb4 wp-block-group-is-layout-constrained\" style=\"border-color:#e7e7e7;border-width:1px;min-height:0px;padding-right:0;padding-bottom:var(--wp--preset--spacing--20);padding-left:0\"><figure style=\"margin-bottom:0\" class=\"alignwide wp-block-post-featured-image\"><a href=\"https:\/\/www.organigrama.com\/es\/noticias\/organigrama-participa-en-una-jornada-clave-sobre-talento-digital-en-cataluna\/\" target=\"_self\"  ><img loading=\"lazy\" decoding=\"async\" width=\"1024\" height=\"576\" src=\"https:\/\/www.organigrama.com\/wp-content\/uploads\/talent-digital-1024x576.jpeg\" class=\"attachment-large size-large wp-post-image\" alt=\"Organigrama participa en una jornada clave sobre talento digital en Catalu\u00f1a\" style=\"object-fit:cover;\" srcset=\"https:\/\/www.organigrama.com\/wp-content\/uploads\/talent-digital-1024x576.jpeg 1024w, https:\/\/www.organigrama.com\/wp-content\/uploads\/talent-digital-450x253.jpeg 450w, https:\/\/www.organigrama.com\/wp-content\/uploads\/talent-digital-768x432.jpeg 768w, https:\/\/www.organigrama.com\/wp-content\/uploads\/talent-digital-1536x864.jpeg 1536w, https:\/\/www.organigrama.com\/wp-content\/uploads\/talent-digital.jpeg 1600w\" sizes=\"auto, (max-width: 1024px) 100vw, 1024px\" \/><\/a><\/figure>\n\n\n<div class=\"wp-block-group has-global-padding is-layout-constrained wp-container-core-group-is-layout-1758bac4 wp-block-group-is-layout-constrained\" style=\"padding-top:var(--wp--preset--spacing--20);padding-right:var(--wp--preset--spacing--20);padding-bottom:var(--wp--preset--spacing--20);padding-left:var(--wp--preset--spacing--20)\">\n<div class=\"wp-block-group has-global-padding is-layout-constrained wp-container-core-group-is-layout-d930839a wp-block-group-is-layout-constrained\"><h4 style=\"font-size:clamp(1.039rem, 1.039rem + ((1vw - 0.2rem) * 0.701), 1.6rem);text-transform:none\" class=\"has-link-color wp-elements-62f71c524b5efb51265ba99488d3eecb wp-block-post-title has-text-color has-primary-color\"><a href=\"https:\/\/www.organigrama.com\/es\/noticias\/organigrama-participa-en-una-jornada-clave-sobre-talento-digital-en-cataluna\/\" target=\"_self\" >Organigrama participa en una jornada clave sobre talento digital en Catalu\u00f1a<\/a><\/h4>\n\n<div style=\"font-size:clamp(14px, 0.875rem + ((1vw - 3.2px) * 0.156), 16px)\" class=\"wp-block-post-date\"><time datetime=\"2026-02-11T07:23:30+00:00\">11\/02\/2026<\/time><\/div><\/div>\n\n\n<div class=\"has-link-color wp-elements-8248df113a13e6c899eb58b7367e88bd wp-block-post-excerpt has-text-color has-custom-secondary-text-color\"><p class=\"wp-block-post-excerpt__excerpt\">Organigrama ha participado recientemente en una jornada dedicada al talento digital, en el marco del Pacto Nacional por el Talento Digital , una iniciativa impulsada por la Generalitat de Catalu\u00f1a que tiene como objetivo reforzar el ecosistema digital del pa\u00eds. El encuentro sirvi\u00f3 como espacio de reflexi\u00f3n y di\u00e1logo entre administraci\u00f3n, empresas, agentes del sector&#8230; <\/p><\/div><\/div>\n<\/div>\n\n<\/li><li class=\"wp-block-post post-2578 post type-post status-publish format-standard has-post-thumbnail hentry category-noticias\">\n\n<div class=\"wp-block-group alignwide has-border-color has-global-padding is-layout-constrained wp-container-core-group-is-layout-8bf2fcb4 wp-block-group-is-layout-constrained\" style=\"border-color:#e7e7e7;border-width:1px;min-height:0px;padding-right:0;padding-bottom:var(--wp--preset--spacing--20);padding-left:0\"><figure style=\"margin-bottom:0\" class=\"alignwide wp-block-post-featured-image\"><a href=\"https:\/\/www.organigrama.com\/es\/noticias\/reclutando-por-actitud-mas-alla-del-curriculum\/\" target=\"_self\"  ><img loading=\"lazy\" decoding=\"async\" width=\"800\" height=\"400\" src=\"https:\/\/www.organigrama.com\/wp-content\/uploads\/uploads_images_entradas_reclutant-per-actitud-mes-enlla-del-curriculum_800x400_c_tipos-de-entrevistas-de-trabajo-1.jpg\" class=\"attachment-large size-large wp-post-image\" alt=\"Reclutando por actitud: m\u00e1s all\u00e1 del curr\u00edculum\" style=\"object-fit:cover;\" srcset=\"https:\/\/www.organigrama.com\/wp-content\/uploads\/uploads_images_entradas_reclutant-per-actitud-mes-enlla-del-curriculum_800x400_c_tipos-de-entrevistas-de-trabajo-1.jpg 800w, https:\/\/www.organigrama.com\/wp-content\/uploads\/uploads_images_entradas_reclutant-per-actitud-mes-enlla-del-curriculum_800x400_c_tipos-de-entrevistas-de-trabajo-1-450x225.jpg 450w, https:\/\/www.organigrama.com\/wp-content\/uploads\/uploads_images_entradas_reclutant-per-actitud-mes-enlla-del-curriculum_800x400_c_tipos-de-entrevistas-de-trabajo-1-768x384.jpg 768w\" sizes=\"auto, (max-width: 800px) 100vw, 800px\" \/><\/a><\/figure>\n\n\n<div class=\"wp-block-group has-global-padding is-layout-constrained wp-container-core-group-is-layout-1758bac4 wp-block-group-is-layout-constrained\" style=\"padding-top:var(--wp--preset--spacing--20);padding-right:var(--wp--preset--spacing--20);padding-bottom:var(--wp--preset--spacing--20);padding-left:var(--wp--preset--spacing--20)\">\n<div class=\"wp-block-group has-global-padding is-layout-constrained wp-container-core-group-is-layout-d930839a wp-block-group-is-layout-constrained\"><h4 style=\"font-size:clamp(1.039rem, 1.039rem + ((1vw - 0.2rem) * 0.701), 1.6rem);text-transform:none\" class=\"has-link-color wp-elements-62f71c524b5efb51265ba99488d3eecb wp-block-post-title has-text-color has-primary-color\"><a href=\"https:\/\/www.organigrama.com\/es\/noticias\/reclutando-por-actitud-mas-alla-del-curriculum\/\" target=\"_self\" >Reclutando por actitud: m\u00e1s all\u00e1 del curr\u00edculum<\/a><\/h4>\n\n<div style=\"font-size:clamp(14px, 0.875rem + ((1vw - 3.2px) * 0.156), 16px)\" class=\"wp-block-post-date\"><time datetime=\"2025-10-28T00:00:00+00:00\">28\/10\/2025<\/time><\/div><\/div>\n\n\n<div class=\"has-link-color wp-elements-8248df113a13e6c899eb58b7367e88bd wp-block-post-excerpt has-text-color has-custom-secondary-text-color\"><p class=\"wp-block-post-excerpt__excerpt\">En el competitivo mundo laboral actual, encontrar al candidato ideal va mucho m\u00e1s all\u00e1 de evaluar un curr\u00edculo impecable. Si bien la experiencia y habilidades t\u00e9cnicas son importantes, cada vez m\u00e1s empresas se dan cuenta de que la actitud laboral puede ser el factor determinante para el \u00e9xito a largo plazo de una contrataci\u00f3n. La&#8230; <\/p><\/div><\/div>\n<\/div>\n\n<\/li><\/ul><\/div>\n\n\n\n<div class=\"wp-block-buttons is-content-justification-center is-layout-flex wp-container-core-buttons-is-layout-c0bc9f7e wp-block-buttons-is-layout-flex\">\n<div class=\"wp-block-button is-style-outline is-style-outline--6\"><a class=\"wp-block-button__link has-secondary-background-color has-background wp-element-button\" href=\"https:\/\/www.organigrama.com\/es\/noticias\/\">VER TODAS LAS NOTICIAS<\/a><\/div>\n<\/div>\n<\/div>\n","protected":false},"excerpt":{"rendered":"<p>SOLUCIONE TODAS SUS NECESIDADES DE PERSONAL CON UN \u00daNICO INTERLOCUTOR RECURSOS HUMANOS CON EXPERIENCIA, PROXIMIDAD Y RESULTADOS OFERTAS DE TRABAJO Explora las ofertas, ap\u00fantate y da el primer paso hacia tu pr\u00f3ximo reto profesional. QU\u00c9 DICEN DE NOSOTROS Opiniones reales en Google de nuestros clientes y personas candidatas<\/p>\n","protected":false},"author":1,"featured_media":0,"parent":0,"menu_order":0,"comment_status":"closed","ping_status":"closed","template":"","meta":{"footnotes":""},"class_list":["post-2795","page","type-page","status-publish","hentry"],"yoast_head":"<!-- This site is optimized with the Yoast SEO plugin v28.1 - https:\/\/yoast.com\/product\/yoast-seo-wordpress\/ -->\n<title>Recursos humanos | Selecci\u00f3n de Personal y Headhunting<\/title>\n<meta name=\"description\" content=\"Organigrama, especialistas en recursos humanos. Selecci\u00f3n de personal y headhunting con un interlocutor \u00fanico para toda la empresa.\" \/>\n<meta name=\"robots\" content=\"index, follow, max-snippet:-1, max-image-preview:large, max-video-preview:-1\" \/>\n<link rel=\"canonical\" href=\"https:\/\/www.organigrama.com\/es\/\" \/>\n<meta property=\"og:locale\" content=\"es_ES\" \/>\n<meta property=\"og:type\" content=\"article\" \/>\n<meta property=\"og:title\" content=\"Recursos humanos | Selecci\u00f3n de Personal y Headhunting\" \/>\n<meta property=\"og:description\" content=\"Organigrama, especialistas en recursos humanos. Selecci\u00f3n de personal y headhunting con un interlocutor \u00fanico para toda la empresa.\" \/>\n<meta property=\"og:url\" content=\"https:\/\/www.organigrama.com\/es\/\" \/>\n<meta property=\"og:site_name\" content=\"Organigrama\" \/>\n<meta property=\"article:publisher\" content=\"https:\/\/www.facebook.com\/organigramagrup\" \/>\n<meta property=\"article:modified_time\" content=\"2026-08-26T11:18:56+00:00\" \/>\n<meta name=\"twitter:card\" content=\"summary_large_image\" \/>\n<meta name=\"twitter:site\" content=\"@gruporganigrama\" \/>\n<script type=\"application\/ld+json\" class=\"yoast-schema-graph\">{\"@context\":\"https:\\\/\\\/schema.org\",\"@graph\":[{\"@type\":\"WebPage\",\"@id\":\"https:\\\/\\\/www.organigrama.com\\\/es\\\/\",\"url\":\"https:\\\/\\\/www.organigrama.com\\\/es\\\/\",\"name\":\"Recursos humanos | Selecci\u00f3n de Personal y Headhunting\",\"isPartOf\":{\"@id\":\"https:\\\/\\\/www.organigrama.com\\\/es\\\/#website\"},\"datePublished\":\"2025-08-06T14:26:54+00:00\",\"dateModified\":\"2026-08-26T11:18:56+00:00\",\"description\":\"Organigrama, especialistas en recursos humanos. Selecci\u00f3n de personal y headhunting con un interlocutor \u00fanico para toda la empresa.\",\"breadcrumb\":{\"@id\":\"https:\\\/\\\/www.organigrama.com\\\/es\\\/#breadcrumb\"},\"inLanguage\":\"es\",\"potentialAction\":[{\"@type\":\"ReadAction\",\"target\":[\"https:\\\/\\\/www.organigrama.com\\\/es\\\/\"]}]},{\"@type\":\"BreadcrumbList\",\"@id\":\"https:\\\/\\\/www.organigrama.com\\\/es\\\/#breadcrumb\",\"itemListElement\":[{\"@type\":\"ListItem\",\"position\":1,\"name\":\"Inici\",\"item\":\"https:\\\/\\\/www.organigrama.com\\\/es\\\/\"},{\"@type\":\"ListItem\",\"position\":2,\"name\":\"Inicio\"}]},{\"@type\":\"WebSite\",\"@id\":\"https:\\\/\\\/www.organigrama.com\\\/es\\\/#website\",\"url\":\"https:\\\/\\\/www.organigrama.com\\\/es\\\/\",\"name\":\"Organigrama\",\"description\":\"L&#039;Especialitzaci\u00f3 en Recursos Humans\",\"publisher\":{\"@id\":\"https:\\\/\\\/www.organigrama.com\\\/es\\\/#organization\"},\"potentialAction\":[{\"@type\":\"SearchAction\",\"target\":{\"@type\":\"EntryPoint\",\"urlTemplate\":\"https:\\\/\\\/www.organigrama.com\\\/es\\\/?s={search_term_string}\"},\"query-input\":{\"@type\":\"PropertyValueSpecification\",\"valueRequired\":true,\"valueName\":\"search_term_string\"}}],\"inLanguage\":\"es\"},{\"@type\":\"Organization\",\"@id\":\"https:\\\/\\\/www.organigrama.com\\\/es\\\/#organization\",\"name\":\"Organigrama\",\"url\":\"https:\\\/\\\/www.organigrama.com\\\/es\\\/\",\"logo\":{\"@type\":\"ImageObject\",\"inLanguage\":\"es\",\"@id\":\"https:\\\/\\\/www.organigrama.com\\\/es\\\/#\\\/schema\\\/logo\\\/image\\\/\",\"url\":\"https:\\\/\\\/www.organigrama.com\\\/wp-content\\\/uploads\\\/2025\\\/07\\\/uploads_images_164x70_c_logo.png\",\"contentUrl\":\"https:\\\/\\\/www.organigrama.com\\\/wp-content\\\/uploads\\\/2025\\\/07\\\/uploads_images_164x70_c_logo.png\",\"width\":164,\"height\":70,\"caption\":\"Organigrama\"},\"image\":{\"@id\":\"https:\\\/\\\/www.organigrama.com\\\/es\\\/#\\\/schema\\\/logo\\\/image\\\/\"},\"sameAs\":[\"https:\\\/\\\/www.facebook.com\\\/organigramagrup\",\"https:\\\/\\\/x.com\\\/gruporganigrama\",\"https:\\\/\\\/www.linkedin.com\\\/company\\\/organigrama-slu\\\/\"]}]}<\/script>\n<!-- \/ Yoast SEO plugin. -->","yoast_head_json":{"title":"Recursos humanos | Selecci\u00f3n de Personal y Headhunting","description":"Organigrama, especialistas en recursos humanos. Selecci\u00f3n de personal y headhunting con un interlocutor \u00fanico para toda la empresa.","robots":{"index":"index","follow":"follow","max-snippet":"max-snippet:-1","max-image-preview":"max-image-preview:large","max-video-preview":"max-video-preview:-1"},"canonical":"https:\/\/www.organigrama.com\/es\/","og_locale":"es_ES","og_type":"article","og_title":"Recursos humanos | Selecci\u00f3n de Personal y Headhunting","og_description":"Organigrama, especialistas en recursos humanos. Selecci\u00f3n de personal y headhunting con un interlocutor \u00fanico para toda la empresa.","og_url":"https:\/\/www.organigrama.com\/es\/","og_site_name":"Organigrama","article_publisher":"https:\/\/www.facebook.com\/organigramagrup","article_modified_time":"2026-08-26T11:18:56+00:00","twitter_card":"summary_large_image","twitter_site":"@gruporganigrama","schema":{"@context":"https:\/\/schema.org","@graph":[{"@type":"WebPage","@id":"https:\/\/www.organigrama.com\/es\/","url":"https:\/\/www.organigrama.com\/es\/","name":"Recursos humanos | Selecci\u00f3n de Personal y Headhunting","isPartOf":{"@id":"https:\/\/www.organigrama.com\/es\/#website"},"datePublished":"2025-08-06T14:26:54+00:00","dateModified":"2026-08-26T11:18:56+00:00","description":"Organigrama, especialistas en recursos humanos. Selecci\u00f3n de personal y headhunting con un interlocutor \u00fanico para toda la empresa.","breadcrumb":{"@id":"https:\/\/www.organigrama.com\/es\/#breadcrumb"},"inLanguage":"es","potentialAction":[{"@type":"ReadAction","target":["https:\/\/www.organigrama.com\/es\/"]}]},{"@type":"BreadcrumbList","@id":"https:\/\/www.organigrama.com\/es\/#breadcrumb","itemListElement":[{"@type":"ListItem","position":1,"name":"Inici","item":"https:\/\/www.organigrama.com\/es\/"},{"@type":"ListItem","position":2,"name":"Inicio"}]},{"@type":"WebSite","@id":"https:\/\/www.organigrama.com\/es\/#website","url":"https:\/\/www.organigrama.com\/es\/","name":"Organigrama","description":"L&#039;Especialitzaci\u00f3 en Recursos Humans","publisher":{"@id":"https:\/\/www.organigrama.com\/es\/#organization"},"potentialAction":[{"@type":"SearchAction","target":{"@type":"EntryPoint","urlTemplate":"https:\/\/www.organigrama.com\/es\/?s={search_term_string}"},"query-input":{"@type":"PropertyValueSpecification","valueRequired":true,"valueName":"search_term_string"}}],"inLanguage":"es"},{"@type":"Organization","@id":"https:\/\/www.organigrama.com\/es\/#organization","name":"Organigrama","url":"https:\/\/www.organigrama.com\/es\/","logo":{"@type":"ImageObject","inLanguage":"es","@id":"https:\/\/www.organigrama.com\/es\/#\/schema\/logo\/image\/","url":"https:\/\/www.organigrama.com\/wp-content\/uploads\/2025\/07\/uploads_images_164x70_c_logo.png","contentUrl":"https:\/\/www.organigrama.com\/wp-content\/uploads\/2025\/07\/uploads_images_164x70_c_logo.png","width":164,"height":70,"caption":"Organigrama"},"image":{"@id":"https:\/\/www.organigrama.com\/es\/#\/schema\/logo\/image\/"},"sameAs":["https:\/\/www.facebook.com\/organigramagrup","https:\/\/x.com\/gruporganigrama","https:\/\/www.linkedin.com\/company\/organigrama-slu\/"]}]}},"_links":{"self":[{"href":"https:\/\/www.organigrama.com\/es\/wp-json\/wp\/v2\/pages\/2795","targetHints":{"allow":["GET"]}}],"collection":[{"href":"https:\/\/www.organigrama.com\/es\/wp-json\/wp\/v2\/pages"}],"about":[{"href":"https:\/\/www.organigrama.com\/es\/wp-json\/wp\/v2\/types\/page"}],"author":[{"embeddable":true,"href":"https:\/\/www.organigrama.com\/es\/wp-json\/wp\/v2\/users\/1"}],"replies":[{"embeddable":true,"href":"https:\/\/www.organigrama.com\/es\/wp-json\/wp\/v2\/comments?post=2795"}],"version-history":[{"count":19,"href":"https:\/\/www.organigrama.com\/es\/wp-json\/wp\/v2\/pages\/2795\/revisions"}],"predecessor-version":[{"id":3251,"href":"https:\/\/www.organigrama.com\/es\/wp-json\/wp\/v2\/pages\/2795\/revisions\/3251"}],"wp:attachment":[{"href":"https:\/\/www.organigrama.com\/es\/wp-json\/wp\/v2\/media?parent=2795"}],"curies":[{"name":"wp","href":"https:\/\/api.w.org\/{rel}","templated":true}]}}